{"id":9408,"date":"2022-08-07T22:24:42","date_gmt":"2022-08-07T20:24:42","guid":{"rendered":"https:\/\/goethe-gymnasium.berlin\/?page_id=9408"},"modified":"2022-09-12T20:44:28","modified_gmt":"2022-09-12T18:44:28","slug":"evangelische-religion","status":"publish","type":"page","link":"https:\/\/goethe-gymnasium.berlin\/index.php\/religion\/evangelische-religion\/","title":{"rendered":"Evangelische Religion"},"content":{"rendered":"\n<h2 class=\"wp-block-heading\">Aus dem evangelischen Religionsunterricht<\/h2>\n\n\n\n<p>In unseren Gruppen arbeiten wir mit ganzheitlichem Ansatz und sch\u00e4tzen bunte Vielfalt in jeder Hinsicht als Bereicherung.<\/p>\n\n\n\n<h4 class=\"wp-block-heading\">Eckpunkte des evangelischen Religionsunterrichts sind:<\/h4>\n\n\n\n<ul class=\"wp-block-list\"><li>Kreativit\u00e4t, Musik und Spiel,<\/li><li>religi\u00f6se Bildung und soziales Engagement,<\/li><li>Erleben der Jahreszeiten und Gestaltung des Religionsraumes,<\/li><li>F\u00f6rderung und St\u00e4rkung der Pers\u00f6nlichkeitsentwicklung und gemeinschaftliches Erleben,<\/li><li>Basiskenntnisse der gro\u00dfen Weltreligionen und Besch\u00e4ftigung mit<br>Minderheiten der Gesellschaft.<\/li><\/ul>\n\n\n<div class=\"wp-block-image\">\n<figure class=\"aligncenter size-large\"><a href=\"https:\/\/goethe-gymnasium.berlin\/wp-content\/uploads\/2022\/08\/Religionsraum-scaled.jpg\" target=\"_blank\" rel=\"noreferrer noopener\"><img loading=\"lazy\" decoding=\"async\" width=\"1820\" height=\"1024\" src=\"https:\/\/goethe-gymnasium.berlin\/wp-content\/uploads\/2022\/08\/Religionsraum-1820x1024.jpg\" alt=\"\" class=\"wp-image-9438\" srcset=\"https:\/\/goethe-gymnasium.berlin\/wp-content\/uploads\/2022\/08\/Religionsraum-1820x1024.jpg 1820w, https:\/\/goethe-gymnasium.berlin\/wp-content\/uploads\/2022\/08\/Religionsraum-300x169.jpg 300w, https:\/\/goethe-gymnasium.berlin\/wp-content\/uploads\/2022\/08\/Religionsraum-768x432.jpg 768w, https:\/\/goethe-gymnasium.berlin\/wp-content\/uploads\/2022\/08\/Religionsraum-1536x864.jpg 1536w, https:\/\/goethe-gymnasium.berlin\/wp-content\/uploads\/2022\/08\/Religionsraum-2048x1152.jpg 2048w, https:\/\/goethe-gymnasium.berlin\/wp-content\/uploads\/2022\/08\/Religionsraum-350x197.jpg 350w, https:\/\/goethe-gymnasium.berlin\/wp-content\/uploads\/2022\/08\/Religionsraum-860x484.jpg 860w, https:\/\/goethe-gymnasium.berlin\/wp-content\/uploads\/2022\/08\/Religionsraum-125x70.jpg 125w, https:\/\/goethe-gymnasium.berlin\/wp-content\/uploads\/2022\/08\/Religionsraum-200x113.jpg 200w, https:\/\/goethe-gymnasium.berlin\/wp-content\/uploads\/2022\/08\/Religionsraum-80x45.jpg 80w, https:\/\/goethe-gymnasium.berlin\/wp-content\/uploads\/2022\/08\/Religionsraum-1024x576.jpg 1024w\" sizes=\"auto, (max-width: 1820px) 100vw, 1820px\" \/><\/a><figcaption><em>Der Religionsraum<\/em><\/figcaption><\/figure>\n<\/div>\n\n\n<h4 class=\"wp-block-heading\">Altersgem\u00e4\u00df sinnvolle Schwerpunkte in den einzelnen Klassenstufen:<\/h4>\n\n\n\n<p><strong>Klassenstufe 5 und 6:<\/strong><\/p>\n\n\n\n<ul class=\"wp-block-list\"><li>Religi\u00f6se und biblische Grundkenntnisse,<\/li><li>Gruppen- und Gemeinschaftsbildung,<\/li><li>Herausbilden von kreativen und musikalischen Fertigkeiten.<\/li><\/ul>\n\n\n\n<p>Im Bibellabor in Neuk\u00f6lln mit seinen vielen Artefakten rund um die Bibel kann bei einer Exkursion entdeckt und entziffert, gemei\u00dfelt und gedruckt werden.<\/p>\n\n\n\n<figure class=\"wp-block-gallery aligncenter has-nested-images columns-default is-cropped wp-block-gallery-2 is-layout-flex wp-block-gallery-is-layout-flex\">\n<figure class=\"wp-block-image size-large\"><a href=\"https:\/\/goethe-gymnasium.berlin\/wp-content\/uploads\/2022\/08\/Bibellabor2022-01-scaled.jpg\" target=\"_blank\" rel=\"noreferrer noopener\"><img loading=\"lazy\" decoding=\"async\" width=\"2560\" height=\"1920\" data-id=\"9444\" src=\"https:\/\/goethe-gymnasium.berlin\/wp-content\/uploads\/2022\/08\/Bibellabor2022-01-scaled.jpg\" alt=\"\" class=\"wp-image-9444\" srcset=\"https:\/\/goethe-gymnasium.berlin\/wp-content\/uploads\/2022\/08\/Bibellabor2022-01-scaled.jpg 2560w, https:\/\/goethe-gymnasium.berlin\/wp-content\/uploads\/2022\/08\/Bibellabor2022-01-300x225.jpg 300w, https:\/\/goethe-gymnasium.berlin\/wp-content\/uploads\/2022\/08\/Bibellabor2022-01-1365x1024.jpg 1365w, https:\/\/goethe-gymnasium.berlin\/wp-content\/uploads\/2022\/08\/Bibellabor2022-01-768x576.jpg 768w, https:\/\/goethe-gymnasium.berlin\/wp-content\/uploads\/2022\/08\/Bibellabor2022-01-1536x1152.jpg 1536w, https:\/\/goethe-gymnasium.berlin\/wp-content\/uploads\/2022\/08\/Bibellabor2022-01-2048x1536.jpg 2048w, https:\/\/goethe-gymnasium.berlin\/wp-content\/uploads\/2022\/08\/Bibellabor2022-01-125x94.jpg 125w, https:\/\/goethe-gymnasium.berlin\/wp-content\/uploads\/2022\/08\/Bibellabor2022-01-200x150.jpg 200w, https:\/\/goethe-gymnasium.berlin\/wp-content\/uploads\/2022\/08\/Bibellabor2022-01-80x60.jpg 80w, https:\/\/goethe-gymnasium.berlin\/wp-content\/uploads\/2022\/08\/Bibellabor2022-01-1024x768.jpg 1024w\" sizes=\"auto, (max-width: 2560px) 100vw, 2560px\" \/><\/a><figcaption>Entziffern<\/figcaption><\/figure>\n\n\n\n<figure class=\"wp-block-image size-large\"><a href=\"https:\/\/goethe-gymnasium.berlin\/wp-content\/uploads\/2022\/08\/Bibellabor2022-02-scaled.jpeg\" target=\"_blank\" rel=\"noreferrer noopener\"><img loading=\"lazy\" decoding=\"async\" width=\"1862\" height=\"2560\" data-id=\"9443\" src=\"https:\/\/goethe-gymnasium.berlin\/wp-content\/uploads\/2022\/08\/Bibellabor2022-02-scaled.jpeg\" alt=\"\" class=\"wp-image-9443\" srcset=\"https:\/\/goethe-gymnasium.berlin\/wp-content\/uploads\/2022\/08\/Bibellabor2022-02-scaled.jpeg 1862w, https:\/\/goethe-gymnasium.berlin\/wp-content\/uploads\/2022\/08\/Bibellabor2022-02-218x300.jpeg 218w, https:\/\/goethe-gymnasium.berlin\/wp-content\/uploads\/2022\/08\/Bibellabor2022-02-745x1024.jpeg 745w, https:\/\/goethe-gymnasium.berlin\/wp-content\/uploads\/2022\/08\/Bibellabor2022-02-768x1056.jpeg 768w, https:\/\/goethe-gymnasium.berlin\/wp-content\/uploads\/2022\/08\/Bibellabor2022-02-1117x1536.jpeg 1117w, https:\/\/goethe-gymnasium.berlin\/wp-content\/uploads\/2022\/08\/Bibellabor2022-02-1490x2048.jpeg 1490w, https:\/\/goethe-gymnasium.berlin\/wp-content\/uploads\/2022\/08\/Bibellabor2022-02-91x125.jpeg 91w, https:\/\/goethe-gymnasium.berlin\/wp-content\/uploads\/2022\/08\/Bibellabor2022-02-145x200.jpeg 145w, https:\/\/goethe-gymnasium.berlin\/wp-content\/uploads\/2022\/08\/Bibellabor2022-02-58x80.jpeg 58w, https:\/\/goethe-gymnasium.berlin\/wp-content\/uploads\/2022\/08\/Bibellabor2022-02-559x768.jpeg 559w\" sizes=\"auto, (max-width: 1862px) 100vw, 1862px\" \/><\/a><figcaption>Schreiben<\/figcaption><\/figure>\n\n\n\n<figure class=\"wp-block-image size-large\"><a href=\"https:\/\/goethe-gymnasium.berlin\/wp-content\/uploads\/2022\/08\/Bibellabor2022-03-scaled.jpeg\" target=\"_blank\" rel=\"noreferrer noopener\"><img loading=\"lazy\" decoding=\"async\" width=\"2560\" height=\"1920\" data-id=\"9442\" src=\"https:\/\/goethe-gymnasium.berlin\/wp-content\/uploads\/2022\/08\/Bibellabor2022-03-scaled.jpeg\" alt=\"\" class=\"wp-image-9442\" srcset=\"https:\/\/goethe-gymnasium.berlin\/wp-content\/uploads\/2022\/08\/Bibellabor2022-03-scaled.jpeg 2560w, https:\/\/goethe-gymnasium.berlin\/wp-content\/uploads\/2022\/08\/Bibellabor2022-03-300x225.jpeg 300w, https:\/\/goethe-gymnasium.berlin\/wp-content\/uploads\/2022\/08\/Bibellabor2022-03-1365x1024.jpeg 1365w, https:\/\/goethe-gymnasium.berlin\/wp-content\/uploads\/2022\/08\/Bibellabor2022-03-768x576.jpeg 768w, https:\/\/goethe-gymnasium.berlin\/wp-content\/uploads\/2022\/08\/Bibellabor2022-03-1536x1152.jpeg 1536w, https:\/\/goethe-gymnasium.berlin\/wp-content\/uploads\/2022\/08\/Bibellabor2022-03-2048x1536.jpeg 2048w, https:\/\/goethe-gymnasium.berlin\/wp-content\/uploads\/2022\/08\/Bibellabor2022-03-125x94.jpeg 125w, https:\/\/goethe-gymnasium.berlin\/wp-content\/uploads\/2022\/08\/Bibellabor2022-03-200x150.jpeg 200w, https:\/\/goethe-gymnasium.berlin\/wp-content\/uploads\/2022\/08\/Bibellabor2022-03-80x60.jpeg 80w, https:\/\/goethe-gymnasium.berlin\/wp-content\/uploads\/2022\/08\/Bibellabor2022-03-1024x768.jpeg 1024w\" sizes=\"auto, (max-width: 2560px) 100vw, 2560px\" \/><\/a><figcaption>Drucken<\/figcaption><\/figure>\n<\/figure>\n\n\n\n<p><strong>Klassenstufe 7:<\/strong><\/p>\n\n\n\n<ul class=\"wp-block-list\"><li>Soziales Engagement,<\/li><li>Menschenw\u00fcrde, Grundrechte und Randgruppen,<\/li><li>Vertiefte religi\u00f6se Grundkenntnisse.<\/li><\/ul>\n\n\n\n<p>Bei der Essensausgabe f\u00fcr bed\u00fcrftige Menschen in der Hochmeistergemeinde k\u00f6nnen Sch\u00fcler*Innen einen Vormittag lang mitarbeiten.<\/p>\n\n\n\n<ul class=\"wp-block-list\"><li><a href=\"https:\/\/goethe-gymnasium.berlin\/wp-content\/uploads\/2022\/08\/Laib-und-Seele-2022.pdf\" target=\"_blank\" rel=\"noreferrer noopener\">Unsere Exkursion zu &#8222;Laib und Seele&#8220;<\/a> (Juni 2022, Text: Julia Prieur, Pauline Schmidt, 7c)<\/li><\/ul>\n\n\n\n<figure class=\"wp-block-gallery has-nested-images columns-default is-cropped wp-block-gallery-3 is-layout-flex wp-block-gallery-is-layout-flex\">\n<figure class=\"wp-block-image size-large\"><a href=\"https:\/\/goethe-gymnasium.berlin\/wp-content\/uploads\/2022\/08\/Laib_Seele_2022-01-scaled.jpg\" target=\"_blank\" rel=\"noreferrer noopener\"><img loading=\"lazy\" decoding=\"async\" width=\"2560\" height=\"1920\" data-id=\"9449\" src=\"https:\/\/goethe-gymnasium.berlin\/wp-content\/uploads\/2022\/08\/Laib_Seele_2022-01-scaled.jpg\" alt=\"\" class=\"wp-image-9449\" srcset=\"https:\/\/goethe-gymnasium.berlin\/wp-content\/uploads\/2022\/08\/Laib_Seele_2022-01-scaled.jpg 2560w, https:\/\/goethe-gymnasium.berlin\/wp-content\/uploads\/2022\/08\/Laib_Seele_2022-01-300x225.jpg 300w, https:\/\/goethe-gymnasium.berlin\/wp-content\/uploads\/2022\/08\/Laib_Seele_2022-01-1365x1024.jpg 1365w, https:\/\/goethe-gymnasium.berlin\/wp-content\/uploads\/2022\/08\/Laib_Seele_2022-01-768x576.jpg 768w, https:\/\/goethe-gymnasium.berlin\/wp-content\/uploads\/2022\/08\/Laib_Seele_2022-01-1536x1152.jpg 1536w, https:\/\/goethe-gymnasium.berlin\/wp-content\/uploads\/2022\/08\/Laib_Seele_2022-01-2048x1536.jpg 2048w, https:\/\/goethe-gymnasium.berlin\/wp-content\/uploads\/2022\/08\/Laib_Seele_2022-01-125x94.jpg 125w, https:\/\/goethe-gymnasium.berlin\/wp-content\/uploads\/2022\/08\/Laib_Seele_2022-01-200x150.jpg 200w, https:\/\/goethe-gymnasium.berlin\/wp-content\/uploads\/2022\/08\/Laib_Seele_2022-01-80x60.jpg 80w, https:\/\/goethe-gymnasium.berlin\/wp-content\/uploads\/2022\/08\/Laib_Seele_2022-01-1024x768.jpg 1024w\" sizes=\"auto, (max-width: 2560px) 100vw, 2560px\" \/><\/a><figcaption>Klasse 7c mit Selbstgebackenem<\/figcaption><\/figure>\n\n\n\n<figure class=\"wp-block-image size-large\"><a href=\"https:\/\/goethe-gymnasium.berlin\/wp-content\/uploads\/2022\/08\/Laib_Seele_2022-02-scaled.jpg\" target=\"_blank\" rel=\"noreferrer noopener\"><img loading=\"lazy\" decoding=\"async\" width=\"2560\" height=\"1920\" data-id=\"9448\" src=\"https:\/\/goethe-gymnasium.berlin\/wp-content\/uploads\/2022\/08\/Laib_Seele_2022-02-scaled.jpg\" alt=\"\" class=\"wp-image-9448\" srcset=\"https:\/\/goethe-gymnasium.berlin\/wp-content\/uploads\/2022\/08\/Laib_Seele_2022-02-scaled.jpg 2560w, https:\/\/goethe-gymnasium.berlin\/wp-content\/uploads\/2022\/08\/Laib_Seele_2022-02-300x225.jpg 300w, https:\/\/goethe-gymnasium.berlin\/wp-content\/uploads\/2022\/08\/Laib_Seele_2022-02-1365x1024.jpg 1365w, https:\/\/goethe-gymnasium.berlin\/wp-content\/uploads\/2022\/08\/Laib_Seele_2022-02-768x576.jpg 768w, https:\/\/goethe-gymnasium.berlin\/wp-content\/uploads\/2022\/08\/Laib_Seele_2022-02-1536x1152.jpg 1536w, https:\/\/goethe-gymnasium.berlin\/wp-content\/uploads\/2022\/08\/Laib_Seele_2022-02-2048x1536.jpg 2048w, https:\/\/goethe-gymnasium.berlin\/wp-content\/uploads\/2022\/08\/Laib_Seele_2022-02-125x94.jpg 125w, https:\/\/goethe-gymnasium.berlin\/wp-content\/uploads\/2022\/08\/Laib_Seele_2022-02-200x150.jpg 200w, https:\/\/goethe-gymnasium.berlin\/wp-content\/uploads\/2022\/08\/Laib_Seele_2022-02-80x60.jpg 80w, https:\/\/goethe-gymnasium.berlin\/wp-content\/uploads\/2022\/08\/Laib_Seele_2022-02-1024x768.jpg 1024w\" sizes=\"auto, (max-width: 2560px) 100vw, 2560px\" \/><\/a><figcaption>Kuchenstand der 7c<\/figcaption><\/figure>\n\n\n\n<figure class=\"wp-block-image size-large\"><a href=\"https:\/\/goethe-gymnasium.berlin\/wp-content\/uploads\/2022\/08\/Laib_Seele_2022-03-scaled.jpeg\" target=\"_blank\" rel=\"noreferrer noopener\"><img loading=\"lazy\" decoding=\"async\" width=\"2560\" height=\"1920\" data-id=\"9446\" src=\"https:\/\/goethe-gymnasium.berlin\/wp-content\/uploads\/2022\/08\/Laib_Seele_2022-03-scaled.jpeg\" alt=\"\" class=\"wp-image-9446\" srcset=\"https:\/\/goethe-gymnasium.berlin\/wp-content\/uploads\/2022\/08\/Laib_Seele_2022-03-scaled.jpeg 2560w, https:\/\/goethe-gymnasium.berlin\/wp-content\/uploads\/2022\/08\/Laib_Seele_2022-03-300x225.jpeg 300w, https:\/\/goethe-gymnasium.berlin\/wp-content\/uploads\/2022\/08\/Laib_Seele_2022-03-1365x1024.jpeg 1365w, https:\/\/goethe-gymnasium.berlin\/wp-content\/uploads\/2022\/08\/Laib_Seele_2022-03-768x576.jpeg 768w, https:\/\/goethe-gymnasium.berlin\/wp-content\/uploads\/2022\/08\/Laib_Seele_2022-03-1536x1152.jpeg 1536w, https:\/\/goethe-gymnasium.berlin\/wp-content\/uploads\/2022\/08\/Laib_Seele_2022-03-2048x1536.jpeg 2048w, https:\/\/goethe-gymnasium.berlin\/wp-content\/uploads\/2022\/08\/Laib_Seele_2022-03-125x94.jpeg 125w, https:\/\/goethe-gymnasium.berlin\/wp-content\/uploads\/2022\/08\/Laib_Seele_2022-03-200x150.jpeg 200w, https:\/\/goethe-gymnasium.berlin\/wp-content\/uploads\/2022\/08\/Laib_Seele_2022-03-80x60.jpeg 80w, https:\/\/goethe-gymnasium.berlin\/wp-content\/uploads\/2022\/08\/Laib_Seele_2022-03-1024x768.jpeg 1024w\" sizes=\"auto, (max-width: 2560px) 100vw, 2560px\" \/><\/a><figcaption>Interview mit Mitarbeiterin<\/figcaption><\/figure>\n<\/figure>\n\n\n\n<p><strong>Klassenstufe 8:<\/strong><\/p>\n\n\n\n<ul class=\"wp-block-list\"><li>Schwerpunkt Islam<\/li><\/ul>\n\n\n\n<p>Wir arbeiten seit Jahren eng mit der Ibn-Rushd-Goethe Moschee zusammen. Unsere Exkursion und die Begegnungen dort kann das Erlernte lebendig begreifbar machen.<\/p>\n\n\n<div class=\"wp-block-image\">\n<figure class=\"aligncenter size-large\"><a href=\"https:\/\/goethe-gymnasium.berlin\/wp-content\/uploads\/2022\/08\/Religion_Moscheebesuch-2019--scaled.jpg\" target=\"_blank\" rel=\"noreferrer noopener\"><img loading=\"lazy\" decoding=\"async\" width=\"1365\" height=\"1024\" src=\"https:\/\/goethe-gymnasium.berlin\/wp-content\/uploads\/2022\/08\/Religion_Moscheebesuch-2019--1365x1024.jpg\" alt=\"\" class=\"wp-image-9451\" srcset=\"https:\/\/goethe-gymnasium.berlin\/wp-content\/uploads\/2022\/08\/Religion_Moscheebesuch-2019--1365x1024.jpg 1365w, https:\/\/goethe-gymnasium.berlin\/wp-content\/uploads\/2022\/08\/Religion_Moscheebesuch-2019--300x225.jpg 300w, https:\/\/goethe-gymnasium.berlin\/wp-content\/uploads\/2022\/08\/Religion_Moscheebesuch-2019--768x576.jpg 768w, https:\/\/goethe-gymnasium.berlin\/wp-content\/uploads\/2022\/08\/Religion_Moscheebesuch-2019--1536x1152.jpg 1536w, https:\/\/goethe-gymnasium.berlin\/wp-content\/uploads\/2022\/08\/Religion_Moscheebesuch-2019--2048x1536.jpg 2048w, https:\/\/goethe-gymnasium.berlin\/wp-content\/uploads\/2022\/08\/Religion_Moscheebesuch-2019--125x94.jpg 125w, https:\/\/goethe-gymnasium.berlin\/wp-content\/uploads\/2022\/08\/Religion_Moscheebesuch-2019--200x150.jpg 200w, https:\/\/goethe-gymnasium.berlin\/wp-content\/uploads\/2022\/08\/Religion_Moscheebesuch-2019--80x60.jpg 80w, https:\/\/goethe-gymnasium.berlin\/wp-content\/uploads\/2022\/08\/Religion_Moscheebesuch-2019--1024x768.jpg 1024w\" sizes=\"auto, (max-width: 1365px) 100vw, 1365px\" \/><\/a><figcaption><em>Moscheebesuch 2019<\/em><\/figcaption><\/figure>\n<\/div>\n\n\n<p><strong>Klassenstufe 9\/10:<\/strong><\/p>\n\n\n\n<ul class=\"wp-block-list\"><li>Schwerpunkt Buddhismus und Hinduismus<\/li><\/ul>\n\n\n\n<p>Hier gibt es Kontakte zu einem buddhistischen Zentrum in Sch\u00f6neberg.<\/p>\n\n\n\n<ul class=\"wp-block-list\"><li>Schwerpunkt Judentum<\/li><\/ul>\n\n\n\n<p>Wir lernen die Synagoge in der Rykestra\u00dfe kennen und besuchen Erinnerungsorte in Berlin und Oranienburg.<\/p>\n\n\n\n<ul class=\"wp-block-list\"><li><a href=\"https:\/\/goethe-gymnasium.berlin\/wp-content\/uploads\/2022\/08\/Exkursion_Denkmal_Holocaust.pdf\" target=\"_blank\" rel=\"noreferrer noopener\">Exkursion zum Denkmal f\u00fcr die ermordeten Juden Europas<\/a> (Mai 2022, Text: Kilian Scheffold, 10a)<\/li><\/ul>\n\n\n\n<figure class=\"wp-block-gallery has-nested-images columns-default is-cropped wp-block-gallery-4 is-layout-flex wp-block-gallery-is-layout-flex\">\n<figure class=\"wp-block-image size-large\"><a href=\"https:\/\/goethe-gymnasium.berlin\/wp-content\/uploads\/2022\/08\/Religion_Anne-Frank-Zentrum-scaled.jpg\" target=\"_blank\" rel=\"noreferrer noopener\"><img loading=\"lazy\" decoding=\"async\" width=\"2560\" height=\"1920\" data-id=\"9457\" src=\"https:\/\/goethe-gymnasium.berlin\/wp-content\/uploads\/2022\/08\/Religion_Anne-Frank-Zentrum-scaled.jpg\" alt=\"\" class=\"wp-image-9457\" srcset=\"https:\/\/goethe-gymnasium.berlin\/wp-content\/uploads\/2022\/08\/Religion_Anne-Frank-Zentrum-scaled.jpg 2560w, https:\/\/goethe-gymnasium.berlin\/wp-content\/uploads\/2022\/08\/Religion_Anne-Frank-Zentrum-300x225.jpg 300w, https:\/\/goethe-gymnasium.berlin\/wp-content\/uploads\/2022\/08\/Religion_Anne-Frank-Zentrum-1365x1024.jpg 1365w, https:\/\/goethe-gymnasium.berlin\/wp-content\/uploads\/2022\/08\/Religion_Anne-Frank-Zentrum-768x576.jpg 768w, https:\/\/goethe-gymnasium.berlin\/wp-content\/uploads\/2022\/08\/Religion_Anne-Frank-Zentrum-1536x1152.jpg 1536w, https:\/\/goethe-gymnasium.berlin\/wp-content\/uploads\/2022\/08\/Religion_Anne-Frank-Zentrum-2048x1536.jpg 2048w, https:\/\/goethe-gymnasium.berlin\/wp-content\/uploads\/2022\/08\/Religion_Anne-Frank-Zentrum-125x94.jpg 125w, https:\/\/goethe-gymnasium.berlin\/wp-content\/uploads\/2022\/08\/Religion_Anne-Frank-Zentrum-200x150.jpg 200w, https:\/\/goethe-gymnasium.berlin\/wp-content\/uploads\/2022\/08\/Religion_Anne-Frank-Zentrum-80x60.jpg 80w, https:\/\/goethe-gymnasium.berlin\/wp-content\/uploads\/2022\/08\/Religion_Anne-Frank-Zentrum-1024x768.jpg 1024w\" sizes=\"auto, (max-width: 2560px) 100vw, 2560px\" \/><\/a><figcaption>Besuch im Anne-Frank-Zentrum<\/figcaption><\/figure>\n\n\n\n<figure class=\"wp-block-image size-large\"><a href=\"https:\/\/goethe-gymnasium.berlin\/wp-content\/uploads\/2022\/08\/Religion_Zeitzeuge-Tswi-Herrschel-scaled.jpg\" target=\"_blank\" rel=\"noreferrer noopener\"><img loading=\"lazy\" decoding=\"async\" width=\"2560\" height=\"1722\" data-id=\"9453\" src=\"https:\/\/goethe-gymnasium.berlin\/wp-content\/uploads\/2022\/08\/Religion_Zeitzeuge-Tswi-Herrschel-scaled.jpg\" alt=\"\" class=\"wp-image-9453\" srcset=\"https:\/\/goethe-gymnasium.berlin\/wp-content\/uploads\/2022\/08\/Religion_Zeitzeuge-Tswi-Herrschel-scaled.jpg 2560w, https:\/\/goethe-gymnasium.berlin\/wp-content\/uploads\/2022\/08\/Religion_Zeitzeuge-Tswi-Herrschel-300x202.jpg 300w, https:\/\/goethe-gymnasium.berlin\/wp-content\/uploads\/2022\/08\/Religion_Zeitzeuge-Tswi-Herrschel-1523x1024.jpg 1523w, https:\/\/goethe-gymnasium.berlin\/wp-content\/uploads\/2022\/08\/Religion_Zeitzeuge-Tswi-Herrschel-768x517.jpg 768w, https:\/\/goethe-gymnasium.berlin\/wp-content\/uploads\/2022\/08\/Religion_Zeitzeuge-Tswi-Herrschel-1536x1033.jpg 1536w, https:\/\/goethe-gymnasium.berlin\/wp-content\/uploads\/2022\/08\/Religion_Zeitzeuge-Tswi-Herrschel-2048x1377.jpg 2048w, https:\/\/goethe-gymnasium.berlin\/wp-content\/uploads\/2022\/08\/Religion_Zeitzeuge-Tswi-Herrschel-125x84.jpg 125w, https:\/\/goethe-gymnasium.berlin\/wp-content\/uploads\/2022\/08\/Religion_Zeitzeuge-Tswi-Herrschel-200x135.jpg 200w, https:\/\/goethe-gymnasium.berlin\/wp-content\/uploads\/2022\/08\/Religion_Zeitzeuge-Tswi-Herrschel-80x54.jpg 80w, https:\/\/goethe-gymnasium.berlin\/wp-content\/uploads\/2022\/08\/Religion_Zeitzeuge-Tswi-Herrschel-1024x689.jpg 1024w\" sizes=\"auto, (max-width: 2560px) 100vw, 2560px\" \/><\/a><figcaption>Zeitzeuge Tswi Herrschel<\/figcaption><\/figure>\n\n\n\n<figure class=\"wp-block-image size-large\"><a href=\"https:\/\/goethe-gymnasium.berlin\/wp-content\/uploads\/2022\/08\/Religion_Exkursion_Denkmal-scaled.jpeg\" target=\"_blank\" rel=\"noreferrer noopener\"><img loading=\"lazy\" decoding=\"async\" width=\"2560\" height=\"1920\" data-id=\"9456\" src=\"https:\/\/goethe-gymnasium.berlin\/wp-content\/uploads\/2022\/08\/Religion_Exkursion_Denkmal-scaled.jpeg\" alt=\"\" class=\"wp-image-9456\" srcset=\"https:\/\/goethe-gymnasium.berlin\/wp-content\/uploads\/2022\/08\/Religion_Exkursion_Denkmal-scaled.jpeg 2560w, https:\/\/goethe-gymnasium.berlin\/wp-content\/uploads\/2022\/08\/Religion_Exkursion_Denkmal-300x225.jpeg 300w, https:\/\/goethe-gymnasium.berlin\/wp-content\/uploads\/2022\/08\/Religion_Exkursion_Denkmal-1365x1024.jpeg 1365w, https:\/\/goethe-gymnasium.berlin\/wp-content\/uploads\/2022\/08\/Religion_Exkursion_Denkmal-768x576.jpeg 768w, https:\/\/goethe-gymnasium.berlin\/wp-content\/uploads\/2022\/08\/Religion_Exkursion_Denkmal-1536x1152.jpeg 1536w, https:\/\/goethe-gymnasium.berlin\/wp-content\/uploads\/2022\/08\/Religion_Exkursion_Denkmal-2048x1536.jpeg 2048w, https:\/\/goethe-gymnasium.berlin\/wp-content\/uploads\/2022\/08\/Religion_Exkursion_Denkmal-125x94.jpeg 125w, https:\/\/goethe-gymnasium.berlin\/wp-content\/uploads\/2022\/08\/Religion_Exkursion_Denkmal-200x150.jpeg 200w, https:\/\/goethe-gymnasium.berlin\/wp-content\/uploads\/2022\/08\/Religion_Exkursion_Denkmal-80x60.jpeg 80w, https:\/\/goethe-gymnasium.berlin\/wp-content\/uploads\/2022\/08\/Religion_Exkursion_Denkmal-1024x768.jpeg 1024w\" sizes=\"auto, (max-width: 2560px) 100vw, 2560px\" \/><\/a><figcaption>Denkmal der ermordeten Juden Europas<\/figcaption><\/figure>\n\n\n\n<figure class=\"wp-block-image size-large\"><a href=\"https:\/\/goethe-gymnasium.berlin\/wp-content\/uploads\/2022\/08\/Religion_Raum-der-Familien-01-scaled.jpeg\" target=\"_blank\" rel=\"noreferrer noopener\"><img loading=\"lazy\" decoding=\"async\" width=\"1920\" height=\"2560\" data-id=\"9455\" src=\"https:\/\/goethe-gymnasium.berlin\/wp-content\/uploads\/2022\/08\/Religion_Raum-der-Familien-01-scaled.jpeg\" alt=\"\" class=\"wp-image-9455\" srcset=\"https:\/\/goethe-gymnasium.berlin\/wp-content\/uploads\/2022\/08\/Religion_Raum-der-Familien-01-scaled.jpeg 1920w, https:\/\/goethe-gymnasium.berlin\/wp-content\/uploads\/2022\/08\/Religion_Raum-der-Familien-01-225x300.jpeg 225w, https:\/\/goethe-gymnasium.berlin\/wp-content\/uploads\/2022\/08\/Religion_Raum-der-Familien-01-768x1024.jpeg 768w, https:\/\/goethe-gymnasium.berlin\/wp-content\/uploads\/2022\/08\/Religion_Raum-der-Familien-01-1152x1536.jpeg 1152w, https:\/\/goethe-gymnasium.berlin\/wp-content\/uploads\/2022\/08\/Religion_Raum-der-Familien-01-1536x2048.jpeg 1536w, https:\/\/goethe-gymnasium.berlin\/wp-content\/uploads\/2022\/08\/Religion_Raum-der-Familien-01-94x125.jpeg 94w, https:\/\/goethe-gymnasium.berlin\/wp-content\/uploads\/2022\/08\/Religion_Raum-der-Familien-01-150x200.jpeg 150w, https:\/\/goethe-gymnasium.berlin\/wp-content\/uploads\/2022\/08\/Religion_Raum-der-Familien-01-60x80.jpeg 60w, https:\/\/goethe-gymnasium.berlin\/wp-content\/uploads\/2022\/08\/Religion_Raum-der-Familien-01-576x768.jpeg 576w\" sizes=\"auto, (max-width: 1920px) 100vw, 1920px\" \/><\/a><figcaption>Raum der Familien 1<\/figcaption><\/figure>\n\n\n\n<figure class=\"wp-block-image size-large\"><a href=\"https:\/\/goethe-gymnasium.berlin\/wp-content\/uploads\/2022\/08\/Religion_Raum-der-Familien-02-scaled.jpeg\" target=\"_blank\" rel=\"noreferrer noopener\"><img loading=\"lazy\" decoding=\"async\" width=\"1920\" height=\"2560\" data-id=\"9454\" src=\"https:\/\/goethe-gymnasium.berlin\/wp-content\/uploads\/2022\/08\/Religion_Raum-der-Familien-02-scaled.jpeg\" alt=\"\" class=\"wp-image-9454\" srcset=\"https:\/\/goethe-gymnasium.berlin\/wp-content\/uploads\/2022\/08\/Religion_Raum-der-Familien-02-scaled.jpeg 1920w, https:\/\/goethe-gymnasium.berlin\/wp-content\/uploads\/2022\/08\/Religion_Raum-der-Familien-02-225x300.jpeg 225w, https:\/\/goethe-gymnasium.berlin\/wp-content\/uploads\/2022\/08\/Religion_Raum-der-Familien-02-768x1024.jpeg 768w, https:\/\/goethe-gymnasium.berlin\/wp-content\/uploads\/2022\/08\/Religion_Raum-der-Familien-02-1152x1536.jpeg 1152w, https:\/\/goethe-gymnasium.berlin\/wp-content\/uploads\/2022\/08\/Religion_Raum-der-Familien-02-1536x2048.jpeg 1536w, https:\/\/goethe-gymnasium.berlin\/wp-content\/uploads\/2022\/08\/Religion_Raum-der-Familien-02-94x125.jpeg 94w, https:\/\/goethe-gymnasium.berlin\/wp-content\/uploads\/2022\/08\/Religion_Raum-der-Familien-02-150x200.jpeg 150w, https:\/\/goethe-gymnasium.berlin\/wp-content\/uploads\/2022\/08\/Religion_Raum-der-Familien-02-60x80.jpeg 60w, https:\/\/goethe-gymnasium.berlin\/wp-content\/uploads\/2022\/08\/Religion_Raum-der-Familien-02-576x768.jpeg 576w\" sizes=\"auto, (max-width: 1920px) 100vw, 1920px\" \/><\/a><figcaption>Raum der Familien 2<\/figcaption><\/figure>\n<\/figure>\n\n\n\n<p><\/p>\n\n\n\n<h4 class=\"wp-block-heading\">Links zu weiteren Veranstaltungen unseres Unterichts:<\/h4>\n\n\n\n<ul class=\"wp-block-list\"><li><a href=\"https:\/\/read.bookcreator.com\/library\/-MtP8FZLHPY32hZBcD4R\/book\/8fESK7l6TA6AWczu5yw-AA\" target=\"_blank\" rel=\"noreferrer noopener\">E-Book zum Bl\u00e4ttern<\/a> (Januar 2022, Tag der offenen T\u00fcr)<\/li><li><a href=\"https:\/\/goethe-gymnasium.berlin\/index.php\/2020\/12\/19\/weihnachtskartenaktion\/\" target=\"_blank\" rel=\"noreferrer noopener\">Weihnachtskartenaktion<\/a> (Dezember 2020)<\/li><li><a aria-label=\"undefined (opens in a new tab)\" href=\"https:\/\/goethe-gymnasium.berlin\/index.php\/2020\/06\/10\/mit-kreativitaet-gegen-corona\/\" target=\"_blank\" rel=\"noreferrer noopener\">Mit Kreativit\u00e4t gegen Corona<\/a> (April \/ Mai 2020)<\/li><li><a aria-label=\"undefined (opens in a new tab)\" href=\"https:\/\/goethe-gymnasium.berlin\/index.php\/2020\/06\/09\/mit-laib-und-seele-dabei\/\" target=\"_blank\" rel=\"noreferrer noopener\">Mit Laib und Seele dabei<\/a> (M\u00e4rz 2020)<\/li><\/ul>\n\n\n\n<p class=\"has-text-align-right\"><em>Text und Fotos: Frau Gussmann (Schuljahr 2021\/22)<\/em><\/p>\n","protected":false},"excerpt":{"rendered":"<p>Aus dem evangelischen Religionsunterricht In unseren Gruppen arbeiten wir mit ganzheitlichem Ansatz und sch\u00e4tzen bunte Vielfalt in jeder Hinsicht als <a class=\"more-link\" href=\"https:\/\/goethe-gymnasium.berlin\/index.php\/religion\/evangelische-religion\/\">Weiterlesen &#8230;<\/a><\/p>\n","protected":false},"author":4,"featured_media":0,"parent":195,"menu_order":0,"comment_status":"closed","ping_status":"closed","template":"","meta":{"footnotes":""},"categories":[124],"tags":[356],"class_list":["post-9408","page","type-page","status-publish","hentry","category-religion","tag-evangelische-religion"],"yoast_head":"<!-- This site is optimized with the Yoast SEO plugin v27.4 - https:\/\/yoast.com\/product\/yoast-seo-wordpress\/ -->\n<title>Evangelische Religion - Goethe-Gymnasium Berlin-Wilmersdorf<\/title>\n<meta name=\"robots\" content=\"index, follow, max-snippet:-1, max-image-preview:large, max-video-preview:-1\" \/>\n<link rel=\"canonical\" href=\"https:\/\/goethe-gymnasium.berlin\/index.php\/religion\/evangelische-religion\/\" \/>\n<meta property=\"og:locale\" content=\"de_DE\" \/>\n<meta property=\"og:type\" content=\"article\" \/>\n<meta property=\"og:title\" content=\"Evangelische Religion - Goethe-Gymnasium Berlin-Wilmersdorf\" \/>\n<meta property=\"og:description\" content=\"Aus dem evangelischen Religionsunterricht In unseren Gruppen arbeiten wir mit ganzheitlichem Ansatz und sch\u00e4tzen bunte Vielfalt in jeder Hinsicht als Weiterlesen ...\" \/>\n<meta property=\"og:url\" content=\"https:\/\/goethe-gymnasium.berlin\/index.php\/religion\/evangelische-religion\/\" \/>\n<meta property=\"og:site_name\" content=\"Goethe-Gymnasium Berlin-Wilmersdorf\" \/>\n<meta property=\"article:publisher\" content=\"https:\/\/www.facebook.com\/pages\/Goethe-Gymnasium\/109376575754402\" \/>\n<meta property=\"article:modified_time\" content=\"2022-09-12T18:44:28+00:00\" \/>\n<meta property=\"og:image\" content=\"https:\/\/goethe-gymnasium.berlin\/wp-content\/uploads\/2022\/08\/Religionsraum-1820x1024.jpg\" \/>\n<meta name=\"twitter:card\" content=\"summary_large_image\" \/>\n<meta name=\"twitter:label1\" content=\"Gesch\u00e4tzte Lesezeit\" \/>\n\t<meta name=\"twitter:data1\" content=\"5\u00a0Minuten\" \/>\n<script type=\"application\/ld+json\" class=\"yoast-schema-graph\">{\"@context\":\"https:\\\/\\\/schema.org\",\"@graph\":[{\"@type\":\"WebPage\",\"@id\":\"https:\\\/\\\/goethe-gymnasium.berlin\\\/index.php\\\/religion\\\/evangelische-religion\\\/\",\"url\":\"https:\\\/\\\/goethe-gymnasium.berlin\\\/index.php\\\/religion\\\/evangelische-religion\\\/\",\"name\":\"Evangelische Religion - Goethe-Gymnasium Berlin-Wilmersdorf\",\"isPartOf\":{\"@id\":\"https:\\\/\\\/goethe-gymnasium.berlin\\\/#website\"},\"primaryImageOfPage\":{\"@id\":\"https:\\\/\\\/goethe-gymnasium.berlin\\\/index.php\\\/religion\\\/evangelische-religion\\\/#primaryimage\"},\"image\":{\"@id\":\"https:\\\/\\\/goethe-gymnasium.berlin\\\/index.php\\\/religion\\\/evangelische-religion\\\/#primaryimage\"},\"thumbnailUrl\":\"https:\\\/\\\/goethe-gymnasium.berlin\\\/wp-content\\\/uploads\\\/2022\\\/08\\\/Religionsraum-1820x1024.jpg\",\"datePublished\":\"2022-08-07T20:24:42+00:00\",\"dateModified\":\"2022-09-12T18:44:28+00:00\",\"breadcrumb\":{\"@id\":\"https:\\\/\\\/goethe-gymnasium.berlin\\\/index.php\\\/religion\\\/evangelische-religion\\\/#breadcrumb\"},\"inLanguage\":\"de\",\"potentialAction\":[{\"@type\":\"ReadAction\",\"target\":[\"https:\\\/\\\/goethe-gymnasium.berlin\\\/index.php\\\/religion\\\/evangelische-religion\\\/\"]}]},{\"@type\":\"ImageObject\",\"inLanguage\":\"de\",\"@id\":\"https:\\\/\\\/goethe-gymnasium.berlin\\\/index.php\\\/religion\\\/evangelische-religion\\\/#primaryimage\",\"url\":\"https:\\\/\\\/goethe-gymnasium.berlin\\\/wp-content\\\/uploads\\\/2022\\\/08\\\/Religionsraum-scaled.jpg\",\"contentUrl\":\"https:\\\/\\\/goethe-gymnasium.berlin\\\/wp-content\\\/uploads\\\/2022\\\/08\\\/Religionsraum-scaled.jpg\",\"width\":2560,\"height\":1440},{\"@type\":\"BreadcrumbList\",\"@id\":\"https:\\\/\\\/goethe-gymnasium.berlin\\\/index.php\\\/religion\\\/evangelische-religion\\\/#breadcrumb\",\"itemListElement\":[{\"@type\":\"ListItem\",\"position\":1,\"name\":\"Startseite\",\"item\":\"https:\\\/\\\/goethe-gymnasium.berlin\\\/\"},{\"@type\":\"ListItem\",\"position\":2,\"name\":\"Religion\",\"item\":\"https:\\\/\\\/goethe-gymnasium.berlin\\\/index.php\\\/religion\\\/\"},{\"@type\":\"ListItem\",\"position\":3,\"name\":\"Evangelische Religion\"}]},{\"@type\":\"WebSite\",\"@id\":\"https:\\\/\\\/goethe-gymnasium.berlin\\\/#website\",\"url\":\"https:\\\/\\\/goethe-gymnasium.berlin\\\/\",\"name\":\"Goethe-Gymnasium Berlin-Wilmersdorf\",\"description\":\"\",\"publisher\":{\"@id\":\"https:\\\/\\\/goethe-gymnasium.berlin\\\/#organization\"},\"potentialAction\":[{\"@type\":\"SearchAction\",\"target\":{\"@type\":\"EntryPoint\",\"urlTemplate\":\"https:\\\/\\\/goethe-gymnasium.berlin\\\/?s={search_term_string}\"},\"query-input\":{\"@type\":\"PropertyValueSpecification\",\"valueRequired\":true,\"valueName\":\"search_term_string\"}}],\"inLanguage\":\"de\"},{\"@type\":\"Organization\",\"@id\":\"https:\\\/\\\/goethe-gymnasium.berlin\\\/#organization\",\"name\":\"Goethe-Gymnasium Berlin-Wilmersdorf\",\"url\":\"https:\\\/\\\/goethe-gymnasium.berlin\\\/\",\"logo\":{\"@type\":\"ImageObject\",\"inLanguage\":\"de\",\"@id\":\"https:\\\/\\\/goethe-gymnasium.berlin\\\/#\\\/schema\\\/logo\\\/image\\\/\",\"url\":\"https:\\\/\\\/goethe-gymnasium.berlin\\\/wp-content\\\/uploads\\\/2018\\\/04\\\/goethe-logo_hoch.png\",\"contentUrl\":\"https:\\\/\\\/goethe-gymnasium.berlin\\\/wp-content\\\/uploads\\\/2018\\\/04\\\/goethe-logo_hoch.png\",\"width\":755,\"height\":514,\"caption\":\"Goethe-Gymnasium Berlin-Wilmersdorf\"},\"image\":{\"@id\":\"https:\\\/\\\/goethe-gymnasium.berlin\\\/#\\\/schema\\\/logo\\\/image\\\/\"},\"sameAs\":[\"https:\\\/\\\/www.facebook.com\\\/pages\\\/Goethe-Gymnasium\\\/109376575754402\",\"https:\\\/\\\/www.youtube.com\\\/channel\\\/UCMKuMVF9h_YkS3zmEp7SnzQ\"]}]}<\/script>\n<!-- \/ Yoast SEO plugin. -->","yoast_head_json":{"title":"Evangelische Religion - Goethe-Gymnasium Berlin-Wilmersdorf","robots":{"index":"index","follow":"follow","max-snippet":"max-snippet:-1","max-image-preview":"max-image-preview:large","max-video-preview":"max-video-preview:-1"},"canonical":"https:\/\/goethe-gymnasium.berlin\/index.php\/religion\/evangelische-religion\/","og_locale":"de_DE","og_type":"article","og_title":"Evangelische Religion - Goethe-Gymnasium Berlin-Wilmersdorf","og_description":"Aus dem evangelischen Religionsunterricht In unseren Gruppen arbeiten wir mit ganzheitlichem Ansatz und sch\u00e4tzen bunte Vielfalt in jeder Hinsicht als Weiterlesen ...","og_url":"https:\/\/goethe-gymnasium.berlin\/index.php\/religion\/evangelische-religion\/","og_site_name":"Goethe-Gymnasium Berlin-Wilmersdorf","article_publisher":"https:\/\/www.facebook.com\/pages\/Goethe-Gymnasium\/109376575754402","article_modified_time":"2022-09-12T18:44:28+00:00","og_image":[{"url":"https:\/\/goethe-gymnasium.berlin\/wp-content\/uploads\/2022\/08\/Religionsraum-1820x1024.jpg","type":"","width":"","height":""}],"twitter_card":"summary_large_image","twitter_misc":{"Gesch\u00e4tzte Lesezeit":"5\u00a0Minuten"},"schema":{"@context":"https:\/\/schema.org","@graph":[{"@type":"WebPage","@id":"https:\/\/goethe-gymnasium.berlin\/index.php\/religion\/evangelische-religion\/","url":"https:\/\/goethe-gymnasium.berlin\/index.php\/religion\/evangelische-religion\/","name":"Evangelische Religion - Goethe-Gymnasium Berlin-Wilmersdorf","isPartOf":{"@id":"https:\/\/goethe-gymnasium.berlin\/#website"},"primaryImageOfPage":{"@id":"https:\/\/goethe-gymnasium.berlin\/index.php\/religion\/evangelische-religion\/#primaryimage"},"image":{"@id":"https:\/\/goethe-gymnasium.berlin\/index.php\/religion\/evangelische-religion\/#primaryimage"},"thumbnailUrl":"https:\/\/goethe-gymnasium.berlin\/wp-content\/uploads\/2022\/08\/Religionsraum-1820x1024.jpg","datePublished":"2022-08-07T20:24:42+00:00","dateModified":"2022-09-12T18:44:28+00:00","breadcrumb":{"@id":"https:\/\/goethe-gymnasium.berlin\/index.php\/religion\/evangelische-religion\/#breadcrumb"},"inLanguage":"de","potentialAction":[{"@type":"ReadAction","target":["https:\/\/goethe-gymnasium.berlin\/index.php\/religion\/evangelische-religion\/"]}]},{"@type":"ImageObject","inLanguage":"de","@id":"https:\/\/goethe-gymnasium.berlin\/index.php\/religion\/evangelische-religion\/#primaryimage","url":"https:\/\/goethe-gymnasium.berlin\/wp-content\/uploads\/2022\/08\/Religionsraum-scaled.jpg","contentUrl":"https:\/\/goethe-gymnasium.berlin\/wp-content\/uploads\/2022\/08\/Religionsraum-scaled.jpg","width":2560,"height":1440},{"@type":"BreadcrumbList","@id":"https:\/\/goethe-gymnasium.berlin\/index.php\/religion\/evangelische-religion\/#breadcrumb","itemListElement":[{"@type":"ListItem","position":1,"name":"Startseite","item":"https:\/\/goethe-gymnasium.berlin\/"},{"@type":"ListItem","position":2,"name":"Religion","item":"https:\/\/goethe-gymnasium.berlin\/index.php\/religion\/"},{"@type":"ListItem","position":3,"name":"Evangelische Religion"}]},{"@type":"WebSite","@id":"https:\/\/goethe-gymnasium.berlin\/#website","url":"https:\/\/goethe-gymnasium.berlin\/","name":"Goethe-Gymnasium Berlin-Wilmersdorf","description":"","publisher":{"@id":"https:\/\/goethe-gymnasium.berlin\/#organization"},"potentialAction":[{"@type":"SearchAction","target":{"@type":"EntryPoint","urlTemplate":"https:\/\/goethe-gymnasium.berlin\/?s={search_term_string}"},"query-input":{"@type":"PropertyValueSpecification","valueRequired":true,"valueName":"search_term_string"}}],"inLanguage":"de"},{"@type":"Organization","@id":"https:\/\/goethe-gymnasium.berlin\/#organization","name":"Goethe-Gymnasium Berlin-Wilmersdorf","url":"https:\/\/goethe-gymnasium.berlin\/","logo":{"@type":"ImageObject","inLanguage":"de","@id":"https:\/\/goethe-gymnasium.berlin\/#\/schema\/logo\/image\/","url":"https:\/\/goethe-gymnasium.berlin\/wp-content\/uploads\/2018\/04\/goethe-logo_hoch.png","contentUrl":"https:\/\/goethe-gymnasium.berlin\/wp-content\/uploads\/2018\/04\/goethe-logo_hoch.png","width":755,"height":514,"caption":"Goethe-Gymnasium Berlin-Wilmersdorf"},"image":{"@id":"https:\/\/goethe-gymnasium.berlin\/#\/schema\/logo\/image\/"},"sameAs":["https:\/\/www.facebook.com\/pages\/Goethe-Gymnasium\/109376575754402","https:\/\/www.youtube.com\/channel\/UCMKuMVF9h_YkS3zmEp7SnzQ"]}]}},"_links":{"self":[{"href":"https:\/\/goethe-gymnasium.berlin\/index.php\/wp-json\/wp\/v2\/pages\/9408","targetHints":{"allow":["GET"]}}],"collection":[{"href":"https:\/\/goethe-gymnasium.berlin\/index.php\/wp-json\/wp\/v2\/pages"}],"about":[{"href":"https:\/\/goethe-gymnasium.berlin\/index.php\/wp-json\/wp\/v2\/types\/page"}],"author":[{"embeddable":true,"href":"https:\/\/goethe-gymnasium.berlin\/index.php\/wp-json\/wp\/v2\/users\/4"}],"replies":[{"embeddable":true,"href":"https:\/\/goethe-gymnasium.berlin\/index.php\/wp-json\/wp\/v2\/comments?post=9408"}],"version-history":[{"count":6,"href":"https:\/\/goethe-gymnasium.berlin\/index.php\/wp-json\/wp\/v2\/pages\/9408\/revisions"}],"predecessor-version":[{"id":9738,"href":"https:\/\/goethe-gymnasium.berlin\/index.php\/wp-json\/wp\/v2\/pages\/9408\/revisions\/9738"}],"up":[{"embeddable":true,"href":"https:\/\/goethe-gymnasium.berlin\/index.php\/wp-json\/wp\/v2\/pages\/195"}],"wp:attachment":[{"href":"https:\/\/goethe-gymnasium.berlin\/index.php\/wp-json\/wp\/v2\/media?parent=9408"}],"wp:term":[{"taxonomy":"category","embeddable":true,"href":"https:\/\/goethe-gymnasium.berlin\/index.php\/wp-json\/wp\/v2\/categories?post=9408"},{"taxonomy":"post_tag","embeddable":true,"href":"https:\/\/goethe-gymnasium.berlin\/index.php\/wp-json\/wp\/v2\/tags?post=9408"}],"curies":[{"name":"wp","href":"https:\/\/api.w.org\/{rel}","templated":true}]}}