{"id":1957,"date":"2018-10-07T22:39:08","date_gmt":"2018-10-07T20:39:08","guid":{"rendered":"http:\/\/goethe-gymnasium.berlin\/?page_id=1957"},"modified":"2018-10-07T23:36:28","modified_gmt":"2018-10-07T21:36:28","slug":"goethe-plakativ","status":"publish","type":"page","link":"https:\/\/goethe-gymnasium.berlin\/index.php\/schule\/schulgeschichte\/goethe-plakativ\/","title":{"rendered":"Goethe plakativ"},"content":{"rendered":"<h4 style=\"text-align: center;\">Unser Namensgeber in Bildern<\/h4>\n<div id=\"attachment_1958\" style=\"width: 310px\" class=\"wp-caption aligncenter\"><a href=\"http:\/\/goethe-gymnasium.berlin\/wp-content\/uploads\/2018\/10\/goethe02.jpg\"><img loading=\"lazy\" decoding=\"async\" aria-describedby=\"caption-attachment-1958\" class=\"wp-image-1958 size-medium\" src=\"http:\/\/goethe-gymnasium.berlin\/wp-content\/uploads\/2018\/10\/goethe02-300x201.jpg\" alt=\"\" width=\"300\" height=\"201\" srcset=\"https:\/\/goethe-gymnasium.berlin\/wp-content\/uploads\/2018\/10\/goethe02-300x201.jpg 300w, https:\/\/goethe-gymnasium.berlin\/wp-content\/uploads\/2018\/10\/goethe02-768x514.jpg 768w, https:\/\/goethe-gymnasium.berlin\/wp-content\/uploads\/2018\/10\/goethe02-1530x1024.jpg 1530w, https:\/\/goethe-gymnasium.berlin\/wp-content\/uploads\/2018\/10\/goethe02.jpg 1936w\" sizes=\"auto, (max-width: 300px) 100vw, 300px\" \/><\/a><p id=\"caption-attachment-1958\" class=\"wp-caption-text\">Goethe-B\u00fcste im Lehrerzimmer<\/p><\/div>\n<p>Im Lehrerzimmer der Schule erinnert eine B\u00fcste an unseren Namensgeber Johann Wolfgang von Goethe: Gelegentlich schaut der Dichterf\u00fcrst etwas grimmig auf das bunte Treiben um ihn herum. Bei dem Goetheportrait handelt sich um die Kopie einer Goethe-B\u00fcste, die Christian Friedrich Tieck im Jahr 1820 modellierte. Das Original befindet sich im Goethe-Nationalmuseum in Weimar.<\/p>\n<p>Ihren ganz eigenen Blick haben die Sch\u00fclerinnen und Sch\u00fcler des Grundkurses Kunst (2. Semester) im Schuljahr 2014\/15 unter Leitung von Frau Knops-Seebach auf das Leben und Wirken des Meisters entwickelt: Collagen und Zeichnungen zeichenen einzelne Stationen des Lebens von Johann Wolfgang von Goethe nach. Entstanden ist eine teils ernsthafte, teils witzig-ironische Plakatserie zu Goethes Leben. Nachdem die Plakate einige Zeit unsere Bildergalerie im Foyer schm\u00fcckten, sollen sie nun an dieser Stelle weiterhin der Betrachtung zug\u00e4nglich sein.<\/p>\n<style type=\"text\/css\">\n#foogallery-gallery-1972 .fg-image { width: 150px; }\n#foogallery-gallery-1972 { --fg-gutter: 10px; }<\/style>\n\t\t\t<div class=\"foogallery foogallery-container foogallery-default foogallery-lightbox-foobox fg-center fg-default fg-ready fg-dark fg-shadow-outline fg-loading-default fg-loaded-fade-in fg-caption-hover fg-hover-fade fg-hover-zoom3\" id=\"foogallery-gallery-1972\" data-foogallery=\"{&quot;item&quot;:{&quot;showCaptionTitle&quot;:true,&quot;showCaptionDescription&quot;:true},&quot;lazy&quot;:true}\" style=\"--fg-title-line-clamp: 0; --fg-description-line-clamp: 0;\" >\n\t<div class=\"fg-item fg-type-image fg-idle\"><figure class=\"fg-item-inner\"><a href=\"https:\/\/goethe-gymnasium.berlin\/wp-content\/uploads\/2018\/10\/goethe2015-01.jpg\" data-caption-title=\"Goethes Kindheit\" data-attachment-id=\"1961\" data-type=\"image\" class=\"fg-thumb\"><span class=\"fg-image-wrap\"><img decoding=\"async\" title=\"Goethes Kindheit\" width=\"150\" height=\"150\" class=\"skip-lazy fg-image\" data-src-fg=\"https:\/\/goethe-gymnasium.berlin\/wp-content\/uploads\/cache\/2018\/10\/goethe2015-01\/3326724242.jpg\" src=\"data:image\/svg+xml,%3Csvg%20xmlns%3D%22http%3A%2F%2Fwww.w3.org%2F2000%2Fsvg%22%20width%3D%22150%22%20height%3D%22150%22%20viewBox%3D%220%200%20150%20150%22%3E%3C%2Fsvg%3E\" loading=\"eager\"><\/span><span class=\"fg-image-overlay\"><\/span><\/a><figcaption class=\"fg-caption\"><div class=\"fg-caption-inner\"><div class=\"fg-caption-title\">Goethes Kindheit<\/div><\/div><\/figcaption><\/figure><div class=\"fg-loader\"><\/div><\/div><div class=\"fg-item fg-type-image fg-idle\"><figure class=\"fg-item-inner\"><a href=\"https:\/\/goethe-gymnasium.berlin\/wp-content\/uploads\/2018\/10\/goethe2015-02.jpg\" data-caption-title=\"Sturm und Drang\" data-attachment-id=\"1962\" data-type=\"image\" class=\"fg-thumb\"><span class=\"fg-image-wrap\"><img decoding=\"async\" title=\"Sturm und Drang\" width=\"150\" height=\"150\" class=\"skip-lazy fg-image\" data-src-fg=\"https:\/\/goethe-gymnasium.berlin\/wp-content\/uploads\/cache\/2018\/10\/goethe2015-02\/933560540.jpg\" src=\"data:image\/svg+xml,%3Csvg%20xmlns%3D%22http%3A%2F%2Fwww.w3.org%2F2000%2Fsvg%22%20width%3D%22150%22%20height%3D%22150%22%20viewBox%3D%220%200%20150%20150%22%3E%3C%2Fsvg%3E\" loading=\"eager\"><\/span><span class=\"fg-image-overlay\"><\/span><\/a><figcaption class=\"fg-caption\"><div class=\"fg-caption-inner\"><div class=\"fg-caption-title\">Sturm und Drang<\/div><\/div><\/figcaption><\/figure><div class=\"fg-loader\"><\/div><\/div><div class=\"fg-item fg-type-image fg-idle\"><figure class=\"fg-item-inner\"><a href=\"https:\/\/goethe-gymnasium.berlin\/wp-content\/uploads\/2018\/10\/goethe2015-03.jpg\" data-caption-title=\"Frauenheld Goethe\" data-attachment-id=\"1963\" data-type=\"image\" class=\"fg-thumb\"><span class=\"fg-image-wrap\"><img decoding=\"async\" title=\"Frauenheld Goethe\" width=\"150\" height=\"150\" class=\"skip-lazy fg-image\" data-src-fg=\"https:\/\/goethe-gymnasium.berlin\/wp-content\/uploads\/cache\/2018\/10\/goethe2015-03\/3520183001.jpg\" src=\"data:image\/svg+xml,%3Csvg%20xmlns%3D%22http%3A%2F%2Fwww.w3.org%2F2000%2Fsvg%22%20width%3D%22150%22%20height%3D%22150%22%20viewBox%3D%220%200%20150%20150%22%3E%3C%2Fsvg%3E\" loading=\"eager\"><\/span><span class=\"fg-image-overlay\"><\/span><\/a><figcaption class=\"fg-caption\"><div class=\"fg-caption-inner\"><div class=\"fg-caption-title\">Frauenheld Goethe<\/div><\/div><\/figcaption><\/figure><div class=\"fg-loader\"><\/div><\/div><div class=\"fg-item fg-type-image fg-idle\"><figure class=\"fg-item-inner\"><a href=\"https:\/\/goethe-gymnasium.berlin\/wp-content\/uploads\/2018\/10\/goethe2015-04.jpg\" data-caption-title=\"Goethe klassisch\" data-attachment-id=\"1964\" data-type=\"image\" class=\"fg-thumb\"><span class=\"fg-image-wrap\"><img decoding=\"async\" title=\"Goethe klassisch\" width=\"150\" height=\"150\" class=\"skip-lazy fg-image\" data-src-fg=\"https:\/\/goethe-gymnasium.berlin\/wp-content\/uploads\/cache\/2018\/10\/goethe2015-04\/252548609.jpg\" src=\"data:image\/svg+xml,%3Csvg%20xmlns%3D%22http%3A%2F%2Fwww.w3.org%2F2000%2Fsvg%22%20width%3D%22150%22%20height%3D%22150%22%20viewBox%3D%220%200%20150%20150%22%3E%3C%2Fsvg%3E\" loading=\"eager\"><\/span><span class=\"fg-image-overlay\"><\/span><\/a><figcaption class=\"fg-caption\"><div class=\"fg-caption-inner\"><div class=\"fg-caption-title\">Goethe klassisch<\/div><\/div><\/figcaption><\/figure><div class=\"fg-loader\"><\/div><\/div><div class=\"fg-item fg-type-image fg-idle\"><figure class=\"fg-item-inner\"><a href=\"https:\/\/goethe-gymnasium.berlin\/wp-content\/uploads\/2018\/10\/goethe2015-05.jpg\" data-caption-title=\"Goethe in Italien\" data-attachment-id=\"1965\" data-type=\"image\" class=\"fg-thumb\"><span class=\"fg-image-wrap\"><img decoding=\"async\" title=\"Goethe in Italien\" width=\"150\" height=\"150\" class=\"skip-lazy fg-image\" data-src-fg=\"https:\/\/goethe-gymnasium.berlin\/wp-content\/uploads\/cache\/2018\/10\/goethe2015-05\/3917032452.jpg\" src=\"data:image\/svg+xml,%3Csvg%20xmlns%3D%22http%3A%2F%2Fwww.w3.org%2F2000%2Fsvg%22%20width%3D%22150%22%20height%3D%22150%22%20viewBox%3D%220%200%20150%20150%22%3E%3C%2Fsvg%3E\" loading=\"eager\"><\/span><span class=\"fg-image-overlay\"><\/span><\/a><figcaption class=\"fg-caption\"><div class=\"fg-caption-inner\"><div class=\"fg-caption-title\">Goethe in Italien<\/div><\/div><\/figcaption><\/figure><div class=\"fg-loader\"><\/div><\/div><div class=\"fg-item fg-type-image fg-idle\"><figure class=\"fg-item-inner\"><a href=\"https:\/\/goethe-gymnasium.berlin\/wp-content\/uploads\/2018\/10\/goethe2015-06.jpg\" data-caption-title=\"Goethes Italienreise\" data-attachment-id=\"1966\" data-type=\"image\" class=\"fg-thumb\"><span class=\"fg-image-wrap\"><img decoding=\"async\" title=\"Goethes Italienreise\" width=\"150\" height=\"150\" class=\"skip-lazy fg-image\" data-src-fg=\"https:\/\/goethe-gymnasium.berlin\/wp-content\/uploads\/cache\/2018\/10\/goethe2015-06\/412476490.jpg\" src=\"data:image\/svg+xml,%3Csvg%20xmlns%3D%22http%3A%2F%2Fwww.w3.org%2F2000%2Fsvg%22%20width%3D%22150%22%20height%3D%22150%22%20viewBox%3D%220%200%20150%20150%22%3E%3C%2Fsvg%3E\" loading=\"eager\"><\/span><span class=\"fg-image-overlay\"><\/span><\/a><figcaption class=\"fg-caption\"><div class=\"fg-caption-inner\"><div class=\"fg-caption-title\">Goethes Italienreise<\/div><\/div><\/figcaption><\/figure><div class=\"fg-loader\"><\/div><\/div><div class=\"fg-item fg-type-image fg-idle\"><figure class=\"fg-item-inner\"><a href=\"https:\/\/goethe-gymnasium.berlin\/wp-content\/uploads\/2018\/10\/goethe2015-07.jpg\" data-caption-title=\"Dichterfreundschaft\" data-attachment-id=\"1967\" data-type=\"image\" class=\"fg-thumb\"><span class=\"fg-image-wrap\"><img decoding=\"async\" title=\"Dichterfreundschaft\" width=\"150\" height=\"150\" class=\"skip-lazy fg-image\" data-src-fg=\"https:\/\/goethe-gymnasium.berlin\/wp-content\/uploads\/cache\/2018\/10\/goethe2015-07\/4276182607.jpg\" src=\"data:image\/svg+xml,%3Csvg%20xmlns%3D%22http%3A%2F%2Fwww.w3.org%2F2000%2Fsvg%22%20width%3D%22150%22%20height%3D%22150%22%20viewBox%3D%220%200%20150%20150%22%3E%3C%2Fsvg%3E\" loading=\"eager\"><\/span><span class=\"fg-image-overlay\"><\/span><\/a><figcaption class=\"fg-caption\"><div class=\"fg-caption-inner\"><div class=\"fg-caption-title\">Dichterfreundschaft<\/div><\/div><\/figcaption><\/figure><div class=\"fg-loader\"><\/div><\/div><div class=\"fg-item fg-type-image fg-idle\"><figure class=\"fg-item-inner\"><a href=\"https:\/\/goethe-gymnasium.berlin\/wp-content\/uploads\/2018\/10\/goethe2015-08.jpg\" data-caption-title=\"Dichter Goethe\" data-attachment-id=\"1968\" data-type=\"image\" class=\"fg-thumb\"><span class=\"fg-image-wrap\"><img decoding=\"async\" title=\"Dichter Goethe\" width=\"150\" height=\"150\" class=\"skip-lazy fg-image\" data-src-fg=\"https:\/\/goethe-gymnasium.berlin\/wp-content\/uploads\/cache\/2018\/10\/goethe2015-08\/2120006587.jpg\" src=\"data:image\/svg+xml,%3Csvg%20xmlns%3D%22http%3A%2F%2Fwww.w3.org%2F2000%2Fsvg%22%20width%3D%22150%22%20height%3D%22150%22%20viewBox%3D%220%200%20150%20150%22%3E%3C%2Fsvg%3E\" loading=\"eager\"><\/span><span class=\"fg-image-overlay\"><\/span><\/a><figcaption class=\"fg-caption\"><div class=\"fg-caption-inner\"><div class=\"fg-caption-title\">Dichter Goethe<\/div><\/div><\/figcaption><\/figure><div class=\"fg-loader\"><\/div><\/div><div class=\"fg-item fg-type-image fg-idle\"><figure class=\"fg-item-inner\"><a href=\"https:\/\/goethe-gymnasium.berlin\/wp-content\/uploads\/2018\/10\/goethe2015-09.jpg\" data-caption-title=\"Goethes Faust\" data-attachment-id=\"1969\" data-type=\"image\" class=\"fg-thumb\"><span class=\"fg-image-wrap\"><img decoding=\"async\" title=\"Goethes Faust\" width=\"150\" height=\"150\" class=\"skip-lazy fg-image\" data-src-fg=\"https:\/\/goethe-gymnasium.berlin\/wp-content\/uploads\/cache\/2018\/10\/goethe2015-09\/2552758718.jpg\" src=\"data:image\/svg+xml,%3Csvg%20xmlns%3D%22http%3A%2F%2Fwww.w3.org%2F2000%2Fsvg%22%20width%3D%22150%22%20height%3D%22150%22%20viewBox%3D%220%200%20150%20150%22%3E%3C%2Fsvg%3E\" loading=\"eager\"><\/span><span class=\"fg-image-overlay\"><\/span><\/a><figcaption class=\"fg-caption\"><div class=\"fg-caption-inner\"><div class=\"fg-caption-title\">Goethes Faust<\/div><\/div><\/figcaption><\/figure><div class=\"fg-loader\"><\/div><\/div><div class=\"fg-item fg-type-image fg-idle\"><figure class=\"fg-item-inner\"><a href=\"https:\/\/goethe-gymnasium.berlin\/wp-content\/uploads\/2018\/10\/goethe2015-10.jpg\" data-caption-title=\"Goethes Farbenlehre\" data-attachment-id=\"1970\" data-type=\"image\" class=\"fg-thumb\"><span class=\"fg-image-wrap\"><img decoding=\"async\" title=\"Goethes Farbenlehre\" width=\"150\" height=\"150\" class=\"skip-lazy fg-image\" data-src-fg=\"https:\/\/goethe-gymnasium.berlin\/wp-content\/uploads\/cache\/2018\/10\/goethe2015-10\/1353839266.jpg\" src=\"data:image\/svg+xml,%3Csvg%20xmlns%3D%22http%3A%2F%2Fwww.w3.org%2F2000%2Fsvg%22%20width%3D%22150%22%20height%3D%22150%22%20viewBox%3D%220%200%20150%20150%22%3E%3C%2Fsvg%3E\" loading=\"eager\"><\/span><span class=\"fg-image-overlay\"><\/span><\/a><figcaption class=\"fg-caption\"><div class=\"fg-caption-inner\"><div class=\"fg-caption-title\">Goethes Farbenlehre<\/div><\/div><\/figcaption><\/figure><div class=\"fg-loader\"><\/div><\/div><div class=\"fg-item fg-type-image fg-idle\"><figure class=\"fg-item-inner\"><a href=\"https:\/\/goethe-gymnasium.berlin\/wp-content\/uploads\/2018\/10\/goethe2015-11-1.jpg\" data-caption-title=\"Goethe und die Natur\" data-attachment-id=\"1971\" data-type=\"image\" class=\"fg-thumb\"><span class=\"fg-image-wrap\"><img decoding=\"async\" title=\"Goethe und die Natur\" width=\"150\" height=\"150\" class=\"skip-lazy fg-image\" data-src-fg=\"https:\/\/goethe-gymnasium.berlin\/wp-content\/uploads\/cache\/2018\/10\/goethe2015-11-1\/10133074.jpg\" src=\"data:image\/svg+xml,%3Csvg%20xmlns%3D%22http%3A%2F%2Fwww.w3.org%2F2000%2Fsvg%22%20width%3D%22150%22%20height%3D%22150%22%20viewBox%3D%220%200%20150%20150%22%3E%3C%2Fsvg%3E\" loading=\"eager\"><\/span><span class=\"fg-image-overlay\"><\/span><\/a><figcaption class=\"fg-caption\"><div class=\"fg-caption-inner\"><div class=\"fg-caption-title\">Goethe und die Natur<\/div><\/div><\/figcaption><\/figure><div class=\"fg-loader\"><\/div><\/div><\/div>\n\n<p>&nbsp;<\/p>\n<p style=\"text-align: right;\"><em>Text und Foto: Frau Dr. Weber (Schuljahr 2018\/19)<\/em><\/p>\n","protected":false},"excerpt":{"rendered":"<p>Unser Namensgeber in Bildern Im Lehrerzimmer der Schule erinnert eine B\u00fcste an unseren Namensgeber Johann Wolfgang von Goethe: Gelegentlich schaut <a class=\"more-link\" href=\"https:\/\/goethe-gymnasium.berlin\/index.php\/schule\/schulgeschichte\/goethe-plakativ\/\">Weiterlesen &#8230;<\/a><\/p>\n","protected":false},"author":4,"featured_media":0,"parent":48,"menu_order":0,"comment_status":"closed","ping_status":"closed","template":"","meta":{"footnotes":""},"categories":[],"tags":[],"class_list":["post-1957","page","type-page","status-publish","hentry"],"yoast_head":"<!-- This site is optimized with the Yoast SEO plugin v27.5 - https:\/\/yoast.com\/product\/yoast-seo-wordpress\/ -->\n<title>Goethe plakativ - Goethe-Gymnasium Berlin-Wilmersdorf<\/title>\n<meta name=\"description\" content=\"Goethe plakativ - unser Namensgeber in Bildern\" \/>\n<meta name=\"robots\" content=\"index, follow, max-snippet:-1, max-image-preview:large, max-video-preview:-1\" \/>\n<link rel=\"canonical\" href=\"https:\/\/goethe-gymnasium.berlin\/index.php\/schule\/schulgeschichte\/goethe-plakativ\/\" \/>\n<meta property=\"og:locale\" content=\"de_DE\" \/>\n<meta property=\"og:type\" content=\"article\" \/>\n<meta property=\"og:title\" content=\"Goethe plakativ - Goethe-Gymnasium Berlin-Wilmersdorf\" \/>\n<meta property=\"og:description\" content=\"Goethe plakativ - unser Namensgeber in Bildern\" \/>\n<meta property=\"og:url\" content=\"https:\/\/goethe-gymnasium.berlin\/index.php\/schule\/schulgeschichte\/goethe-plakativ\/\" \/>\n<meta property=\"og:site_name\" content=\"Goethe-Gymnasium Berlin-Wilmersdorf\" \/>\n<meta property=\"article:publisher\" content=\"https:\/\/www.facebook.com\/pages\/Goethe-Gymnasium\/109376575754402\" \/>\n<meta property=\"article:modified_time\" content=\"2018-10-07T21:36:28+00:00\" \/>\n<meta property=\"og:image\" content=\"http:\/\/goethe-gymnasium.berlin\/wp-content\/uploads\/2018\/10\/goethe02-300x201.jpg\" \/>\n<meta name=\"twitter:card\" content=\"summary_large_image\" \/>\n<meta name=\"twitter:label1\" content=\"Gesch\u00e4tzte Lesezeit\" \/>\n\t<meta name=\"twitter:data1\" content=\"1\u00a0Minute\" \/>\n<script type=\"application\/ld+json\" class=\"yoast-schema-graph\">{\"@context\":\"https:\\\/\\\/schema.org\",\"@graph\":[{\"@type\":\"WebPage\",\"@id\":\"https:\\\/\\\/goethe-gymnasium.berlin\\\/index.php\\\/schule\\\/schulgeschichte\\\/goethe-plakativ\\\/\",\"url\":\"https:\\\/\\\/goethe-gymnasium.berlin\\\/index.php\\\/schule\\\/schulgeschichte\\\/goethe-plakativ\\\/\",\"name\":\"Goethe plakativ - Goethe-Gymnasium Berlin-Wilmersdorf\",\"isPartOf\":{\"@id\":\"https:\\\/\\\/goethe-gymnasium.berlin\\\/#website\"},\"primaryImageOfPage\":{\"@id\":\"https:\\\/\\\/goethe-gymnasium.berlin\\\/index.php\\\/schule\\\/schulgeschichte\\\/goethe-plakativ\\\/#primaryimage\"},\"image\":{\"@id\":\"https:\\\/\\\/goethe-gymnasium.berlin\\\/index.php\\\/schule\\\/schulgeschichte\\\/goethe-plakativ\\\/#primaryimage\"},\"thumbnailUrl\":\"http:\\\/\\\/goethe-gymnasium.berlin\\\/wp-content\\\/uploads\\\/2018\\\/10\\\/goethe02-300x201.jpg\",\"datePublished\":\"2018-10-07T20:39:08+00:00\",\"dateModified\":\"2018-10-07T21:36:28+00:00\",\"description\":\"Goethe plakativ - unser Namensgeber in Bildern\",\"breadcrumb\":{\"@id\":\"https:\\\/\\\/goethe-gymnasium.berlin\\\/index.php\\\/schule\\\/schulgeschichte\\\/goethe-plakativ\\\/#breadcrumb\"},\"inLanguage\":\"de\",\"potentialAction\":[{\"@type\":\"ReadAction\",\"target\":[\"https:\\\/\\\/goethe-gymnasium.berlin\\\/index.php\\\/schule\\\/schulgeschichte\\\/goethe-plakativ\\\/\"]}]},{\"@type\":\"ImageObject\",\"inLanguage\":\"de\",\"@id\":\"https:\\\/\\\/goethe-gymnasium.berlin\\\/index.php\\\/schule\\\/schulgeschichte\\\/goethe-plakativ\\\/#primaryimage\",\"url\":\"http:\\\/\\\/goethe-gymnasium.berlin\\\/wp-content\\\/uploads\\\/2018\\\/10\\\/goethe02-300x201.jpg\",\"contentUrl\":\"http:\\\/\\\/goethe-gymnasium.berlin\\\/wp-content\\\/uploads\\\/2018\\\/10\\\/goethe02-300x201.jpg\"},{\"@type\":\"BreadcrumbList\",\"@id\":\"https:\\\/\\\/goethe-gymnasium.berlin\\\/index.php\\\/schule\\\/schulgeschichte\\\/goethe-plakativ\\\/#breadcrumb\",\"itemListElement\":[{\"@type\":\"ListItem\",\"position\":1,\"name\":\"Startseite\",\"item\":\"https:\\\/\\\/goethe-gymnasium.berlin\\\/\"},{\"@type\":\"ListItem\",\"position\":2,\"name\":\"Schule\",\"item\":\"https:\\\/\\\/goethe-gymnasium.berlin\\\/index.php\\\/schule\\\/\"},{\"@type\":\"ListItem\",\"position\":3,\"name\":\"Schulgeschichte\",\"item\":\"https:\\\/\\\/goethe-gymnasium.berlin\\\/index.php\\\/schule\\\/schulgeschichte\\\/\"},{\"@type\":\"ListItem\",\"position\":4,\"name\":\"Goethe plakativ\"}]},{\"@type\":\"WebSite\",\"@id\":\"https:\\\/\\\/goethe-gymnasium.berlin\\\/#website\",\"url\":\"https:\\\/\\\/goethe-gymnasium.berlin\\\/\",\"name\":\"Goethe-Gymnasium Berlin-Wilmersdorf\",\"description\":\"\",\"publisher\":{\"@id\":\"https:\\\/\\\/goethe-gymnasium.berlin\\\/#organization\"},\"potentialAction\":[{\"@type\":\"SearchAction\",\"target\":{\"@type\":\"EntryPoint\",\"urlTemplate\":\"https:\\\/\\\/goethe-gymnasium.berlin\\\/?s={search_term_string}\"},\"query-input\":{\"@type\":\"PropertyValueSpecification\",\"valueRequired\":true,\"valueName\":\"search_term_string\"}}],\"inLanguage\":\"de\"},{\"@type\":\"Organization\",\"@id\":\"https:\\\/\\\/goethe-gymnasium.berlin\\\/#organization\",\"name\":\"Goethe-Gymnasium Berlin-Wilmersdorf\",\"url\":\"https:\\\/\\\/goethe-gymnasium.berlin\\\/\",\"logo\":{\"@type\":\"ImageObject\",\"inLanguage\":\"de\",\"@id\":\"https:\\\/\\\/goethe-gymnasium.berlin\\\/#\\\/schema\\\/logo\\\/image\\\/\",\"url\":\"https:\\\/\\\/goethe-gymnasium.berlin\\\/wp-content\\\/uploads\\\/2018\\\/04\\\/goethe-logo_hoch.png\",\"contentUrl\":\"https:\\\/\\\/goethe-gymnasium.berlin\\\/wp-content\\\/uploads\\\/2018\\\/04\\\/goethe-logo_hoch.png\",\"width\":755,\"height\":514,\"caption\":\"Goethe-Gymnasium Berlin-Wilmersdorf\"},\"image\":{\"@id\":\"https:\\\/\\\/goethe-gymnasium.berlin\\\/#\\\/schema\\\/logo\\\/image\\\/\"},\"sameAs\":[\"https:\\\/\\\/www.facebook.com\\\/pages\\\/Goethe-Gymnasium\\\/109376575754402\",\"https:\\\/\\\/www.youtube.com\\\/channel\\\/UCMKuMVF9h_YkS3zmEp7SnzQ\"]}]}<\/script>\n<!-- \/ Yoast SEO plugin. -->","yoast_head_json":{"title":"Goethe plakativ - Goethe-Gymnasium Berlin-Wilmersdorf","description":"Goethe plakativ - unser Namensgeber in Bildern","robots":{"index":"index","follow":"follow","max-snippet":"max-snippet:-1","max-image-preview":"max-image-preview:large","max-video-preview":"max-video-preview:-1"},"canonical":"https:\/\/goethe-gymnasium.berlin\/index.php\/schule\/schulgeschichte\/goethe-plakativ\/","og_locale":"de_DE","og_type":"article","og_title":"Goethe plakativ - Goethe-Gymnasium Berlin-Wilmersdorf","og_description":"Goethe plakativ - unser Namensgeber in Bildern","og_url":"https:\/\/goethe-gymnasium.berlin\/index.php\/schule\/schulgeschichte\/goethe-plakativ\/","og_site_name":"Goethe-Gymnasium Berlin-Wilmersdorf","article_publisher":"https:\/\/www.facebook.com\/pages\/Goethe-Gymnasium\/109376575754402","article_modified_time":"2018-10-07T21:36:28+00:00","og_image":[{"url":"http:\/\/goethe-gymnasium.berlin\/wp-content\/uploads\/2018\/10\/goethe02-300x201.jpg","type":"","width":"","height":""}],"twitter_card":"summary_large_image","twitter_misc":{"Gesch\u00e4tzte Lesezeit":"1\u00a0Minute"},"schema":{"@context":"https:\/\/schema.org","@graph":[{"@type":"WebPage","@id":"https:\/\/goethe-gymnasium.berlin\/index.php\/schule\/schulgeschichte\/goethe-plakativ\/","url":"https:\/\/goethe-gymnasium.berlin\/index.php\/schule\/schulgeschichte\/goethe-plakativ\/","name":"Goethe plakativ - Goethe-Gymnasium Berlin-Wilmersdorf","isPartOf":{"@id":"https:\/\/goethe-gymnasium.berlin\/#website"},"primaryImageOfPage":{"@id":"https:\/\/goethe-gymnasium.berlin\/index.php\/schule\/schulgeschichte\/goethe-plakativ\/#primaryimage"},"image":{"@id":"https:\/\/goethe-gymnasium.berlin\/index.php\/schule\/schulgeschichte\/goethe-plakativ\/#primaryimage"},"thumbnailUrl":"http:\/\/goethe-gymnasium.berlin\/wp-content\/uploads\/2018\/10\/goethe02-300x201.jpg","datePublished":"2018-10-07T20:39:08+00:00","dateModified":"2018-10-07T21:36:28+00:00","description":"Goethe plakativ - unser Namensgeber in Bildern","breadcrumb":{"@id":"https:\/\/goethe-gymnasium.berlin\/index.php\/schule\/schulgeschichte\/goethe-plakativ\/#breadcrumb"},"inLanguage":"de","potentialAction":[{"@type":"ReadAction","target":["https:\/\/goethe-gymnasium.berlin\/index.php\/schule\/schulgeschichte\/goethe-plakativ\/"]}]},{"@type":"ImageObject","inLanguage":"de","@id":"https:\/\/goethe-gymnasium.berlin\/index.php\/schule\/schulgeschichte\/goethe-plakativ\/#primaryimage","url":"http:\/\/goethe-gymnasium.berlin\/wp-content\/uploads\/2018\/10\/goethe02-300x201.jpg","contentUrl":"http:\/\/goethe-gymnasium.berlin\/wp-content\/uploads\/2018\/10\/goethe02-300x201.jpg"},{"@type":"BreadcrumbList","@id":"https:\/\/goethe-gymnasium.berlin\/index.php\/schule\/schulgeschichte\/goethe-plakativ\/#breadcrumb","itemListElement":[{"@type":"ListItem","position":1,"name":"Startseite","item":"https:\/\/goethe-gymnasium.berlin\/"},{"@type":"ListItem","position":2,"name":"Schule","item":"https:\/\/goethe-gymnasium.berlin\/index.php\/schule\/"},{"@type":"ListItem","position":3,"name":"Schulgeschichte","item":"https:\/\/goethe-gymnasium.berlin\/index.php\/schule\/schulgeschichte\/"},{"@type":"ListItem","position":4,"name":"Goethe plakativ"}]},{"@type":"WebSite","@id":"https:\/\/goethe-gymnasium.berlin\/#website","url":"https:\/\/goethe-gymnasium.berlin\/","name":"Goethe-Gymnasium Berlin-Wilmersdorf","description":"","publisher":{"@id":"https:\/\/goethe-gymnasium.berlin\/#organization"},"potentialAction":[{"@type":"SearchAction","target":{"@type":"EntryPoint","urlTemplate":"https:\/\/goethe-gymnasium.berlin\/?s={search_term_string}"},"query-input":{"@type":"PropertyValueSpecification","valueRequired":true,"valueName":"search_term_string"}}],"inLanguage":"de"},{"@type":"Organization","@id":"https:\/\/goethe-gymnasium.berlin\/#organization","name":"Goethe-Gymnasium Berlin-Wilmersdorf","url":"https:\/\/goethe-gymnasium.berlin\/","logo":{"@type":"ImageObject","inLanguage":"de","@id":"https:\/\/goethe-gymnasium.berlin\/#\/schema\/logo\/image\/","url":"https:\/\/goethe-gymnasium.berlin\/wp-content\/uploads\/2018\/04\/goethe-logo_hoch.png","contentUrl":"https:\/\/goethe-gymnasium.berlin\/wp-content\/uploads\/2018\/04\/goethe-logo_hoch.png","width":755,"height":514,"caption":"Goethe-Gymnasium Berlin-Wilmersdorf"},"image":{"@id":"https:\/\/goethe-gymnasium.berlin\/#\/schema\/logo\/image\/"},"sameAs":["https:\/\/www.facebook.com\/pages\/Goethe-Gymnasium\/109376575754402","https:\/\/www.youtube.com\/channel\/UCMKuMVF9h_YkS3zmEp7SnzQ"]}]}},"_links":{"self":[{"href":"https:\/\/goethe-gymnasium.berlin\/index.php\/wp-json\/wp\/v2\/pages\/1957","targetHints":{"allow":["GET"]}}],"collection":[{"href":"https:\/\/goethe-gymnasium.berlin\/index.php\/wp-json\/wp\/v2\/pages"}],"about":[{"href":"https:\/\/goethe-gymnasium.berlin\/index.php\/wp-json\/wp\/v2\/types\/page"}],"author":[{"embeddable":true,"href":"https:\/\/goethe-gymnasium.berlin\/index.php\/wp-json\/wp\/v2\/users\/4"}],"replies":[{"embeddable":true,"href":"https:\/\/goethe-gymnasium.berlin\/index.php\/wp-json\/wp\/v2\/comments?post=1957"}],"version-history":[{"count":12,"href":"https:\/\/goethe-gymnasium.berlin\/index.php\/wp-json\/wp\/v2\/pages\/1957\/revisions"}],"predecessor-version":[{"id":1987,"href":"https:\/\/goethe-gymnasium.berlin\/index.php\/wp-json\/wp\/v2\/pages\/1957\/revisions\/1987"}],"up":[{"embeddable":true,"href":"https:\/\/goethe-gymnasium.berlin\/index.php\/wp-json\/wp\/v2\/pages\/48"}],"wp:attachment":[{"href":"https:\/\/goethe-gymnasium.berlin\/index.php\/wp-json\/wp\/v2\/media?parent=1957"}],"wp:term":[{"taxonomy":"category","embeddable":true,"href":"https:\/\/goethe-gymnasium.berlin\/index.php\/wp-json\/wp\/v2\/categories?post=1957"},{"taxonomy":"post_tag","embeddable":true,"href":"https:\/\/goethe-gymnasium.berlin\/index.php\/wp-json\/wp\/v2\/tags?post=1957"}],"curies":[{"name":"wp","href":"https:\/\/api.w.org\/{rel}","templated":true}]}}