{"id":11838,"date":"2024-04-21T13:55:22","date_gmt":"2024-04-21T11:55:22","guid":{"rendered":"https:\/\/goethe-gymnasium.berlin\/?page_id=11838"},"modified":"2025-11-17T20:12:40","modified_gmt":"2025-11-17T19:12:40","slug":"sozialpaedagogisches-team","status":"publish","type":"page","link":"https:\/\/goethe-gymnasium.berlin\/index.php\/schule\/sozialpaedagogisches-team\/","title":{"rendered":"Sozialp\u00e4dagogisches Team"},"content":{"rendered":"<div class=\"wp-block-image\">\n<figure class=\"aligncenter size-large\"><a href=\"https:\/\/goethe-gymnasium.berlin\/wp-content\/uploads\/2025\/11\/Team-Schulsozialarbeit-scaled.jpg\" target=\"_blank\" rel=\" noreferrer noopener\"><img loading=\"lazy\" decoding=\"async\" width=\"1024\" height=\"1024\" src=\"https:\/\/goethe-gymnasium.berlin\/wp-content\/uploads\/2025\/11\/Team-Schulsozialarbeit-1024x1024.jpg\" alt=\"\" class=\"wp-image-13748\" srcset=\"https:\/\/goethe-gymnasium.berlin\/wp-content\/uploads\/2025\/11\/Team-Schulsozialarbeit-1024x1024.jpg 1024w, https:\/\/goethe-gymnasium.berlin\/wp-content\/uploads\/2025\/11\/Team-Schulsozialarbeit-300x300.jpg 300w, https:\/\/goethe-gymnasium.berlin\/wp-content\/uploads\/2025\/11\/Team-Schulsozialarbeit-150x150.jpg 150w, https:\/\/goethe-gymnasium.berlin\/wp-content\/uploads\/2025\/11\/Team-Schulsozialarbeit-768x768.jpg 768w, https:\/\/goethe-gymnasium.berlin\/wp-content\/uploads\/2025\/11\/Team-Schulsozialarbeit-1536x1536.jpg 1536w, https:\/\/goethe-gymnasium.berlin\/wp-content\/uploads\/2025\/11\/Team-Schulsozialarbeit-2048x2048.jpg 2048w, https:\/\/goethe-gymnasium.berlin\/wp-content\/uploads\/2025\/11\/Team-Schulsozialarbeit-200x200.jpg 200w, https:\/\/goethe-gymnasium.berlin\/wp-content\/uploads\/2025\/11\/Team-Schulsozialarbeit-125x125.jpg 125w, https:\/\/goethe-gymnasium.berlin\/wp-content\/uploads\/2025\/11\/Team-Schulsozialarbeit-80x80.jpg 80w\" sizes=\"auto, (max-width: 1024px) 100vw, 1024px\" \/><\/a><figcaption class=\"wp-element-caption\"><center><em>Goethe-Gymnasium am 17.10.2025, Foto: Claudius Pflug<\/em><\/center><\/figcaption><\/figure>\n<\/div>\n\n\n<p><\/p>\n\n\n\n<p>Das Sozialp\u00e4dagogische Team der Technischen Jugendfreizeit- und -bildungsgesellschaft (tjfbg) gGmbH besteht aus drei Sozialp\u00e4dagog*innen des offenen Ganztags (Omnibus) und einem Sozialp\u00e4dagogen in der Schulsozialarbeit. Ganztag und Schulsozialarbeit arbeiten eng zusammen, haben neben gemeinsamen Arbeitsfeldern jedoch auch unterschiedliche Aufgaben- und Kompetenzbereiche. Die wichtigsten \u00dcberschneidungen und Abgrenzungen werden im untenstehenden Schaubild dargestellt:<\/p>\n\n\n\n<div class=\"wp-block-columns is-layout-flex wp-container-core-columns-is-layout-9d6595d7 wp-block-columns-is-layout-flex\">\n<div class=\"wp-block-column is-layout-flow wp-block-column-is-layout-flow\">\n<p class=\"has-text-align-center\"><a href=\"https:\/\/goethe-gymnasium.berlin\/index.php\/schule\/schulsozialarbeit-am-goethe-gymnasium\/\">Schulsozialarbeit<\/a><\/p>\n<\/div>\n\n\n\n<div class=\"wp-block-column is-layout-flow wp-block-column-is-layout-flow\">\n<p class=\"has-text-align-center\"><a href=\"https:\/\/goethe-gymnasium.berlin\/index.php\/schule\/ganztag\/\">Ganztag (Omnibus)<\/a><\/p>\n<\/div>\n<\/div>\n\n\n\n<figure class=\"wp-block-image size-large\"><a href=\"https:\/\/goethe-gymnasium.berlin\/wp-content\/uploads\/2025\/10\/Schulsozialarbeit-2025.jpg\" target=\"_blank\" rel=\" noreferrer noopener\"><img loading=\"lazy\" decoding=\"async\" width=\"1448\" height=\"1024\" src=\"https:\/\/goethe-gymnasium.berlin\/wp-content\/uploads\/2025\/10\/Schulsozialarbeit-2025-1448x1024.jpg\" alt=\"\" class=\"wp-image-13642\" srcset=\"https:\/\/goethe-gymnasium.berlin\/wp-content\/uploads\/2025\/10\/Schulsozialarbeit-2025-1448x1024.jpg 1448w, https:\/\/goethe-gymnasium.berlin\/wp-content\/uploads\/2025\/10\/Schulsozialarbeit-2025-300x212.jpg 300w, https:\/\/goethe-gymnasium.berlin\/wp-content\/uploads\/2025\/10\/Schulsozialarbeit-2025-768x543.jpg 768w, https:\/\/goethe-gymnasium.berlin\/wp-content\/uploads\/2025\/10\/Schulsozialarbeit-2025-1536x1086.jpg 1536w, https:\/\/goethe-gymnasium.berlin\/wp-content\/uploads\/2025\/10\/Schulsozialarbeit-2025-125x88.jpg 125w, https:\/\/goethe-gymnasium.berlin\/wp-content\/uploads\/2025\/10\/Schulsozialarbeit-2025-200x141.jpg 200w, https:\/\/goethe-gymnasium.berlin\/wp-content\/uploads\/2025\/10\/Schulsozialarbeit-2025-80x57.jpg 80w, https:\/\/goethe-gymnasium.berlin\/wp-content\/uploads\/2025\/10\/Schulsozialarbeit-2025-1024x724.jpg 1024w, https:\/\/goethe-gymnasium.berlin\/wp-content\/uploads\/2025\/10\/Schulsozialarbeit-2025.jpg 1754w\" sizes=\"auto, (max-width: 1448px) 100vw, 1448px\" \/><\/a><\/figure>\n\n\n\n<p><\/p>\n\n\n\n<p class=\"has-text-align-right\"><em>Text und Schaubild: Sozialp\u00e4dagogisches Team (aktualisiert: Schuljahr 2025\/26)<\/em><\/p>\n\n\n\n<p><\/p>\n","protected":false},"excerpt":{"rendered":"<p>Das Sozialp\u00e4dagogische Team der Technischen Jugendfreizeit- und -bildungsgesellschaft (tjfbg) gGmbH besteht aus drei Sozialp\u00e4dagog*innen des offenen Ganztags (Omnibus) und einem <a class=\"more-link\" href=\"https:\/\/goethe-gymnasium.berlin\/index.php\/schule\/sozialpaedagogisches-team\/\">Weiterlesen &#8230;<\/a><\/p>\n","protected":false},"author":4,"featured_media":11856,"parent":18,"menu_order":0,"comment_status":"closed","ping_status":"closed","template":"","meta":{"footnotes":""},"categories":[166,51,4],"tags":[106,516],"class_list":["post-11838","page","type-page","status-publish","has-post-thumbnail","hentry","category-ganztag","category-schule","category-schulleben","tag-omnibus","tag-schulsozialarbeit"],"yoast_head":"<!-- This site is optimized with the Yoast SEO plugin v27.4 - https:\/\/yoast.com\/product\/yoast-seo-wordpress\/ -->\n<title>Sozialp\u00e4dagogisches Team - Goethe-Gymnasium Berlin-Wilmersdorf<\/title>\n<meta name=\"robots\" content=\"index, follow, max-snippet:-1, max-image-preview:large, max-video-preview:-1\" \/>\n<link rel=\"canonical\" href=\"https:\/\/goethe-gymnasium.berlin\/index.php\/schule\/sozialpaedagogisches-team\/\" \/>\n<meta property=\"og:locale\" content=\"de_DE\" \/>\n<meta property=\"og:type\" content=\"article\" \/>\n<meta property=\"og:title\" content=\"Sozialp\u00e4dagogisches Team - Goethe-Gymnasium Berlin-Wilmersdorf\" \/>\n<meta property=\"og:description\" content=\"Das Sozialp\u00e4dagogische Team der Technischen Jugendfreizeit- und -bildungsgesellschaft (tjfbg) gGmbH besteht aus drei Sozialp\u00e4dagog*innen des offenen Ganztags (Omnibus) und einem Weiterlesen ...\" \/>\n<meta property=\"og:url\" content=\"https:\/\/goethe-gymnasium.berlin\/index.php\/schule\/sozialpaedagogisches-team\/\" \/>\n<meta property=\"og:site_name\" content=\"Goethe-Gymnasium Berlin-Wilmersdorf\" \/>\n<meta property=\"article:publisher\" content=\"https:\/\/www.facebook.com\/pages\/Goethe-Gymnasium\/109376575754402\" \/>\n<meta property=\"article:modified_time\" content=\"2025-11-17T19:12:40+00:00\" \/>\n<meta property=\"og:image\" content=\"https:\/\/goethe-gymnasium.berlin\/wp-content\/uploads\/2024\/04\/Logo_Sozialpaedagogisches-Team.jpeg\" \/>\n\t<meta property=\"og:image:width\" content=\"1000\" \/>\n\t<meta property=\"og:image:height\" content=\"700\" \/>\n\t<meta property=\"og:image:type\" content=\"image\/jpeg\" \/>\n<meta name=\"twitter:card\" content=\"summary_large_image\" \/>\n<meta name=\"twitter:label1\" content=\"Gesch\u00e4tzte Lesezeit\" \/>\n\t<meta name=\"twitter:data1\" content=\"1\u00a0Minute\" \/>\n<script type=\"application\/ld+json\" class=\"yoast-schema-graph\">{\"@context\":\"https:\\\/\\\/schema.org\",\"@graph\":[{\"@type\":\"WebPage\",\"@id\":\"https:\\\/\\\/goethe-gymnasium.berlin\\\/index.php\\\/schule\\\/sozialpaedagogisches-team\\\/\",\"url\":\"https:\\\/\\\/goethe-gymnasium.berlin\\\/index.php\\\/schule\\\/sozialpaedagogisches-team\\\/\",\"name\":\"Sozialp\u00e4dagogisches Team - Goethe-Gymnasium Berlin-Wilmersdorf\",\"isPartOf\":{\"@id\":\"https:\\\/\\\/goethe-gymnasium.berlin\\\/#website\"},\"primaryImageOfPage\":{\"@id\":\"https:\\\/\\\/goethe-gymnasium.berlin\\\/index.php\\\/schule\\\/sozialpaedagogisches-team\\\/#primaryimage\"},\"image\":{\"@id\":\"https:\\\/\\\/goethe-gymnasium.berlin\\\/index.php\\\/schule\\\/sozialpaedagogisches-team\\\/#primaryimage\"},\"thumbnailUrl\":\"https:\\\/\\\/goethe-gymnasium.berlin\\\/wp-content\\\/uploads\\\/2024\\\/04\\\/Logo_Sozialpaedagogisches-Team.jpeg\",\"datePublished\":\"2024-04-21T11:55:22+00:00\",\"dateModified\":\"2025-11-17T19:12:40+00:00\",\"breadcrumb\":{\"@id\":\"https:\\\/\\\/goethe-gymnasium.berlin\\\/index.php\\\/schule\\\/sozialpaedagogisches-team\\\/#breadcrumb\"},\"inLanguage\":\"de\",\"potentialAction\":[{\"@type\":\"ReadAction\",\"target\":[\"https:\\\/\\\/goethe-gymnasium.berlin\\\/index.php\\\/schule\\\/sozialpaedagogisches-team\\\/\"]}]},{\"@type\":\"ImageObject\",\"inLanguage\":\"de\",\"@id\":\"https:\\\/\\\/goethe-gymnasium.berlin\\\/index.php\\\/schule\\\/sozialpaedagogisches-team\\\/#primaryimage\",\"url\":\"https:\\\/\\\/goethe-gymnasium.berlin\\\/wp-content\\\/uploads\\\/2024\\\/04\\\/Logo_Sozialpaedagogisches-Team.jpeg\",\"contentUrl\":\"https:\\\/\\\/goethe-gymnasium.berlin\\\/wp-content\\\/uploads\\\/2024\\\/04\\\/Logo_Sozialpaedagogisches-Team.jpeg\",\"width\":1000,\"height\":700},{\"@type\":\"BreadcrumbList\",\"@id\":\"https:\\\/\\\/goethe-gymnasium.berlin\\\/index.php\\\/schule\\\/sozialpaedagogisches-team\\\/#breadcrumb\",\"itemListElement\":[{\"@type\":\"ListItem\",\"position\":1,\"name\":\"Startseite\",\"item\":\"https:\\\/\\\/goethe-gymnasium.berlin\\\/\"},{\"@type\":\"ListItem\",\"position\":2,\"name\":\"Schule\",\"item\":\"https:\\\/\\\/goethe-gymnasium.berlin\\\/index.php\\\/schule\\\/\"},{\"@type\":\"ListItem\",\"position\":3,\"name\":\"Sozialp\u00e4dagogisches Team\"}]},{\"@type\":\"WebSite\",\"@id\":\"https:\\\/\\\/goethe-gymnasium.berlin\\\/#website\",\"url\":\"https:\\\/\\\/goethe-gymnasium.berlin\\\/\",\"name\":\"Goethe-Gymnasium Berlin-Wilmersdorf\",\"description\":\"\",\"publisher\":{\"@id\":\"https:\\\/\\\/goethe-gymnasium.berlin\\\/#organization\"},\"potentialAction\":[{\"@type\":\"SearchAction\",\"target\":{\"@type\":\"EntryPoint\",\"urlTemplate\":\"https:\\\/\\\/goethe-gymnasium.berlin\\\/?s={search_term_string}\"},\"query-input\":{\"@type\":\"PropertyValueSpecification\",\"valueRequired\":true,\"valueName\":\"search_term_string\"}}],\"inLanguage\":\"de\"},{\"@type\":\"Organization\",\"@id\":\"https:\\\/\\\/goethe-gymnasium.berlin\\\/#organization\",\"name\":\"Goethe-Gymnasium Berlin-Wilmersdorf\",\"url\":\"https:\\\/\\\/goethe-gymnasium.berlin\\\/\",\"logo\":{\"@type\":\"ImageObject\",\"inLanguage\":\"de\",\"@id\":\"https:\\\/\\\/goethe-gymnasium.berlin\\\/#\\\/schema\\\/logo\\\/image\\\/\",\"url\":\"https:\\\/\\\/goethe-gymnasium.berlin\\\/wp-content\\\/uploads\\\/2018\\\/04\\\/goethe-logo_hoch.png\",\"contentUrl\":\"https:\\\/\\\/goethe-gymnasium.berlin\\\/wp-content\\\/uploads\\\/2018\\\/04\\\/goethe-logo_hoch.png\",\"width\":755,\"height\":514,\"caption\":\"Goethe-Gymnasium Berlin-Wilmersdorf\"},\"image\":{\"@id\":\"https:\\\/\\\/goethe-gymnasium.berlin\\\/#\\\/schema\\\/logo\\\/image\\\/\"},\"sameAs\":[\"https:\\\/\\\/www.facebook.com\\\/pages\\\/Goethe-Gymnasium\\\/109376575754402\",\"https:\\\/\\\/www.youtube.com\\\/channel\\\/UCMKuMVF9h_YkS3zmEp7SnzQ\"]}]}<\/script>\n<!-- \/ Yoast SEO plugin. -->","yoast_head_json":{"title":"Sozialp\u00e4dagogisches Team - Goethe-Gymnasium Berlin-Wilmersdorf","robots":{"index":"index","follow":"follow","max-snippet":"max-snippet:-1","max-image-preview":"max-image-preview:large","max-video-preview":"max-video-preview:-1"},"canonical":"https:\/\/goethe-gymnasium.berlin\/index.php\/schule\/sozialpaedagogisches-team\/","og_locale":"de_DE","og_type":"article","og_title":"Sozialp\u00e4dagogisches Team - Goethe-Gymnasium Berlin-Wilmersdorf","og_description":"Das Sozialp\u00e4dagogische Team der Technischen Jugendfreizeit- und -bildungsgesellschaft (tjfbg) gGmbH besteht aus drei Sozialp\u00e4dagog*innen des offenen Ganztags (Omnibus) und einem Weiterlesen ...","og_url":"https:\/\/goethe-gymnasium.berlin\/index.php\/schule\/sozialpaedagogisches-team\/","og_site_name":"Goethe-Gymnasium Berlin-Wilmersdorf","article_publisher":"https:\/\/www.facebook.com\/pages\/Goethe-Gymnasium\/109376575754402","article_modified_time":"2025-11-17T19:12:40+00:00","og_image":[{"width":1000,"height":700,"url":"https:\/\/goethe-gymnasium.berlin\/wp-content\/uploads\/2024\/04\/Logo_Sozialpaedagogisches-Team.jpeg","type":"image\/jpeg"}],"twitter_card":"summary_large_image","twitter_misc":{"Gesch\u00e4tzte Lesezeit":"1\u00a0Minute"},"schema":{"@context":"https:\/\/schema.org","@graph":[{"@type":"WebPage","@id":"https:\/\/goethe-gymnasium.berlin\/index.php\/schule\/sozialpaedagogisches-team\/","url":"https:\/\/goethe-gymnasium.berlin\/index.php\/schule\/sozialpaedagogisches-team\/","name":"Sozialp\u00e4dagogisches Team - Goethe-Gymnasium Berlin-Wilmersdorf","isPartOf":{"@id":"https:\/\/goethe-gymnasium.berlin\/#website"},"primaryImageOfPage":{"@id":"https:\/\/goethe-gymnasium.berlin\/index.php\/schule\/sozialpaedagogisches-team\/#primaryimage"},"image":{"@id":"https:\/\/goethe-gymnasium.berlin\/index.php\/schule\/sozialpaedagogisches-team\/#primaryimage"},"thumbnailUrl":"https:\/\/goethe-gymnasium.berlin\/wp-content\/uploads\/2024\/04\/Logo_Sozialpaedagogisches-Team.jpeg","datePublished":"2024-04-21T11:55:22+00:00","dateModified":"2025-11-17T19:12:40+00:00","breadcrumb":{"@id":"https:\/\/goethe-gymnasium.berlin\/index.php\/schule\/sozialpaedagogisches-team\/#breadcrumb"},"inLanguage":"de","potentialAction":[{"@type":"ReadAction","target":["https:\/\/goethe-gymnasium.berlin\/index.php\/schule\/sozialpaedagogisches-team\/"]}]},{"@type":"ImageObject","inLanguage":"de","@id":"https:\/\/goethe-gymnasium.berlin\/index.php\/schule\/sozialpaedagogisches-team\/#primaryimage","url":"https:\/\/goethe-gymnasium.berlin\/wp-content\/uploads\/2024\/04\/Logo_Sozialpaedagogisches-Team.jpeg","contentUrl":"https:\/\/goethe-gymnasium.berlin\/wp-content\/uploads\/2024\/04\/Logo_Sozialpaedagogisches-Team.jpeg","width":1000,"height":700},{"@type":"BreadcrumbList","@id":"https:\/\/goethe-gymnasium.berlin\/index.php\/schule\/sozialpaedagogisches-team\/#breadcrumb","itemListElement":[{"@type":"ListItem","position":1,"name":"Startseite","item":"https:\/\/goethe-gymnasium.berlin\/"},{"@type":"ListItem","position":2,"name":"Schule","item":"https:\/\/goethe-gymnasium.berlin\/index.php\/schule\/"},{"@type":"ListItem","position":3,"name":"Sozialp\u00e4dagogisches Team"}]},{"@type":"WebSite","@id":"https:\/\/goethe-gymnasium.berlin\/#website","url":"https:\/\/goethe-gymnasium.berlin\/","name":"Goethe-Gymnasium Berlin-Wilmersdorf","description":"","publisher":{"@id":"https:\/\/goethe-gymnasium.berlin\/#organization"},"potentialAction":[{"@type":"SearchAction","target":{"@type":"EntryPoint","urlTemplate":"https:\/\/goethe-gymnasium.berlin\/?s={search_term_string}"},"query-input":{"@type":"PropertyValueSpecification","valueRequired":true,"valueName":"search_term_string"}}],"inLanguage":"de"},{"@type":"Organization","@id":"https:\/\/goethe-gymnasium.berlin\/#organization","name":"Goethe-Gymnasium Berlin-Wilmersdorf","url":"https:\/\/goethe-gymnasium.berlin\/","logo":{"@type":"ImageObject","inLanguage":"de","@id":"https:\/\/goethe-gymnasium.berlin\/#\/schema\/logo\/image\/","url":"https:\/\/goethe-gymnasium.berlin\/wp-content\/uploads\/2018\/04\/goethe-logo_hoch.png","contentUrl":"https:\/\/goethe-gymnasium.berlin\/wp-content\/uploads\/2018\/04\/goethe-logo_hoch.png","width":755,"height":514,"caption":"Goethe-Gymnasium Berlin-Wilmersdorf"},"image":{"@id":"https:\/\/goethe-gymnasium.berlin\/#\/schema\/logo\/image\/"},"sameAs":["https:\/\/www.facebook.com\/pages\/Goethe-Gymnasium\/109376575754402","https:\/\/www.youtube.com\/channel\/UCMKuMVF9h_YkS3zmEp7SnzQ"]}]}},"_links":{"self":[{"href":"https:\/\/goethe-gymnasium.berlin\/index.php\/wp-json\/wp\/v2\/pages\/11838","targetHints":{"allow":["GET"]}}],"collection":[{"href":"https:\/\/goethe-gymnasium.berlin\/index.php\/wp-json\/wp\/v2\/pages"}],"about":[{"href":"https:\/\/goethe-gymnasium.berlin\/index.php\/wp-json\/wp\/v2\/types\/page"}],"author":[{"embeddable":true,"href":"https:\/\/goethe-gymnasium.berlin\/index.php\/wp-json\/wp\/v2\/users\/4"}],"replies":[{"embeddable":true,"href":"https:\/\/goethe-gymnasium.berlin\/index.php\/wp-json\/wp\/v2\/comments?post=11838"}],"version-history":[{"count":8,"href":"https:\/\/goethe-gymnasium.berlin\/index.php\/wp-json\/wp\/v2\/pages\/11838\/revisions"}],"predecessor-version":[{"id":13751,"href":"https:\/\/goethe-gymnasium.berlin\/index.php\/wp-json\/wp\/v2\/pages\/11838\/revisions\/13751"}],"up":[{"embeddable":true,"href":"https:\/\/goethe-gymnasium.berlin\/index.php\/wp-json\/wp\/v2\/pages\/18"}],"wp:featuredmedia":[{"embeddable":true,"href":"https:\/\/goethe-gymnasium.berlin\/index.php\/wp-json\/wp\/v2\/media\/11856"}],"wp:attachment":[{"href":"https:\/\/goethe-gymnasium.berlin\/index.php\/wp-json\/wp\/v2\/media?parent=11838"}],"wp:term":[{"taxonomy":"category","embeddable":true,"href":"https:\/\/goethe-gymnasium.berlin\/index.php\/wp-json\/wp\/v2\/categories?post=11838"},{"taxonomy":"post_tag","embeddable":true,"href":"https:\/\/goethe-gymnasium.berlin\/index.php\/wp-json\/wp\/v2\/tags?post=11838"}],"curies":[{"name":"wp","href":"https:\/\/api.w.org\/{rel}","templated":true}]}}